{"id":4797,"date":"2023-09-20T12:42:42","date_gmt":"2023-09-20T10:42:42","guid":{"rendered":"https:\/\/www.airmatic.es\/inici\/"},"modified":"2026-03-09T09:02:20","modified_gmt":"2026-03-09T08:02:20","slug":"airmatic-solucions-industrials-dalta-eficiencia","status":"publish","type":"page","link":"https:\/\/www.airmatic.es\/ca\/","title":{"rendered":"Airmatic: Solucions Industrials d&#8217;alta efici\u00e8ncia"},"content":{"rendered":"\t\t<div data-elementor-type=\"wp-page\" data-elementor-id=\"4797\" class=\"elementor elementor-4797 elementor-4216\" data-elementor-post-type=\"page\">\n\t\t\t\t\t\t<section class=\"elementor-section elementor-top-section elementor-element elementor-element-8cf3899 elementor-section-height-min-height elementor-section-content-middle elementor-section-boxed elementor-section-height-default elementor-section-items-middle\" data-id=\"8cf3899\" data-element_type=\"section\" data-e-type=\"section\" data-settings=\"{&quot;background_background&quot;:&quot;classic&quot;,&quot;animation&quot;:&quot;none&quot;}\">\n\t\t\t\t\t\t\t<div class=\"elementor-background-overlay\"><\/div>\n\t\t\t\t\t\t\t<div class=\"elementor-container elementor-column-gap-default\">\n\t\t\t\t\t<div class=\"elementor-column elementor-col-100 elementor-top-column elementor-element elementor-element-d4cfd3f\" data-id=\"d4cfd3f\" data-element_type=\"column\" data-e-type=\"column\">\n\t\t\t<div class=\"elementor-widget-wrap elementor-element-populated\">\n\t\t\t\t\t\t<section class=\"elementor-section elementor-inner-section elementor-element elementor-element-f3aa375 elementor-section-boxed elementor-section-height-default elementor-section-height-default\" data-id=\"f3aa375\" data-element_type=\"section\" data-e-type=\"section\">\n\t\t\t\t\t\t<div class=\"elementor-container elementor-column-gap-default\">\n\t\t\t\t\t<div class=\"elementor-column elementor-col-100 elementor-inner-column elementor-element elementor-element-b9f82d3\" data-id=\"b9f82d3\" data-element_type=\"column\" data-e-type=\"column\">\n\t\t\t<div class=\"elementor-widget-wrap elementor-element-populated\">\n\t\t\t\t\t\t<div class=\"elementor-element elementor-element-00d0fa9 elementor-widget elementor-widget-spacer\" data-id=\"00d0fa9\" data-element_type=\"widget\" data-e-type=\"widget\" data-widget_type=\"spacer.default\">\n\t\t\t\t<div class=\"elementor-widget-container\">\n\t\t\t\t\t\t\t<div class=\"elementor-spacer\">\n\t\t\t<div class=\"elementor-spacer-inner\"><\/div>\n\t\t<\/div>\n\t\t\t\t\t\t<\/div>\n\t\t\t\t<\/div>\n\t\t\t\t<div class=\"elementor-element elementor-element-f1dd049 elementor-widget elementor-widget-heading\" data-id=\"f1dd049\" data-element_type=\"widget\" data-e-type=\"widget\" data-widget_type=\"heading.default\">\n\t\t\t\t<div class=\"elementor-widget-container\">\n\t\t\t\t\t<h1 class=\"elementor-heading-title elementor-size-default\">\n\n<span>Airmatic<\/span> des de 1977<br> <\/h1>\t\t\t\t<\/div>\n\t\t\t\t<\/div>\n\t\t\t\t<div class=\"elementor-element elementor-element-aec41ab elementor-align-center elementor-widget elementor-widget-lottie\" data-id=\"aec41ab\" data-element_type=\"widget\" data-e-type=\"widget\" data-settings=\"{&quot;source_json&quot;:{&quot;url&quot;:&quot;https:\\\/\\\/www.airmatic.es\\\/wp-content\\\/uploads\\\/2023\\\/07\\\/data-3-1.json&quot;,&quot;id&quot;:2139,&quot;size&quot;:&quot;&quot;,&quot;alt&quot;:&quot;&quot;,&quot;source&quot;:&quot;library&quot;},&quot;link_to&quot;:&quot;custom&quot;,&quot;custom_link&quot;:{&quot;url&quot;:&quot;https:\\\/\\\/www.airmatic.es\\\/#nosotros&quot;,&quot;is_external&quot;:&quot;&quot;,&quot;nofollow&quot;:&quot;&quot;,&quot;custom_attributes&quot;:&quot;&quot;},&quot;loop&quot;:&quot;yes&quot;,&quot;source&quot;:&quot;media_file&quot;,&quot;caption_source&quot;:&quot;none&quot;,&quot;trigger&quot;:&quot;arriving_to_viewport&quot;,&quot;viewport&quot;:{&quot;unit&quot;:&quot;%&quot;,&quot;size&quot;:&quot;&quot;,&quot;sizes&quot;:{&quot;start&quot;:0,&quot;end&quot;:100}},&quot;play_speed&quot;:{&quot;unit&quot;:&quot;px&quot;,&quot;size&quot;:1,&quot;sizes&quot;:[]},&quot;start_point&quot;:{&quot;unit&quot;:&quot;%&quot;,&quot;size&quot;:0,&quot;sizes&quot;:[]},&quot;end_point&quot;:{&quot;unit&quot;:&quot;%&quot;,&quot;size&quot;:100,&quot;sizes&quot;:[]},&quot;renderer&quot;:&quot;svg&quot;}\" data-widget_type=\"lottie.default\">\n\t\t\t\t<div class=\"elementor-widget-container\">\n\t\t\t\t\t<a class=\"e-lottie__container__link\" href=\"https:\/\/www.airmatic.es\/#nosotros\"><div class=\"e-lottie__container\"><div class=\"e-lottie__animation\"><\/div><\/div><\/a>\t\t\t\t<\/div>\n\t\t\t\t<\/div>\n\t\t\t\t\t<\/div>\n\t\t<\/div>\n\t\t\t\t\t<\/div>\n\t\t<\/section>\n\t\t\t\t\t<\/div>\n\t\t<\/div>\n\t\t\t\t\t<\/div>\n\t\t<\/section>\n\t\t\t\t<section class=\"elementor-section elementor-top-section elementor-element elementor-element-4426802 elementor-section-boxed elementor-section-height-default elementor-section-height-default\" data-id=\"4426802\" data-element_type=\"section\" data-e-type=\"section\">\n\t\t\t\t\t\t<div class=\"elementor-container elementor-column-gap-default\">\n\t\t\t\t\t<div class=\"elementor-column elementor-col-100 elementor-top-column elementor-element elementor-element-1b673bf\" data-id=\"1b673bf\" data-element_type=\"column\" data-e-type=\"column\">\n\t\t\t<div class=\"elementor-widget-wrap elementor-element-populated\">\n\t\t\t\t\t\t<div class=\"elementor-element elementor-element-26cd630 elementor-widget elementor-widget-menu-anchor\" data-id=\"26cd630\" data-element_type=\"widget\" data-e-type=\"widget\" data-widget_type=\"menu-anchor.default\">\n\t\t\t\t<div class=\"elementor-widget-container\">\n\t\t\t\t\t\t\t<div class=\"elementor-menu-anchor\" id=\"nosaltres\"><\/div>\n\t\t\t\t\t\t<\/div>\n\t\t\t\t<\/div>\n\t\t\t\t<div class=\"elementor-element elementor-element-1ec5070 elementor-widget elementor-widget-heading\" data-id=\"1ec5070\" data-element_type=\"widget\" data-e-type=\"widget\" data-widget_type=\"heading.default\">\n\t\t\t\t<div class=\"elementor-widget-container\">\n\t\t\t\t\t<h2 class=\"elementor-heading-title elementor-size-default\">Sobre nosaltres<\/h2>\t\t\t\t<\/div>\n\t\t\t\t<\/div>\n\t\t\t\t<div class=\"elementor-element elementor-element-7801be2 elementor-widget elementor-widget-text-editor\" data-id=\"7801be2\" data-element_type=\"widget\" data-e-type=\"widget\" data-widget_type=\"text-editor.default\">\n\t\t\t\t<div class=\"elementor-widget-container\">\n\t\t\t\t\t\t\t\t\t<p><strong> Airmatic S.A<\/strong>. Al vostre servei, oferint les millors solucions des de 1977.<\/p><p>Fundada a Sabadell, Airmatic S.A., s&#8217;ha consolidat com <strong>l\u00edder en Solucions industrials d&#8217;Aire Comprimit, Buit, Refrigeraci\u00f3 Industrial i Generaci\u00f3 de Gasos, <\/strong>aix\u00ed com a ,<strong> Maquin\u00e0ria, Tecnologia i Software per al sector de la Fusta <\/strong>. Addicionalment, no nom\u00e9s ens dediquem a la venda d&#8217;equips, sin\u00f3 que tamb\u00e9 proporcionem una completa experi\u00e8ncia de servei. Inclou des de la identificaci\u00f3 de necessitats i \u00e0rees de millora, fins a trobar la soluci\u00f3 t\u00e8cnica \u00f2ptima, la instal\u00b7laci\u00f3 i l&#8217;optimitzaci\u00f3 cont\u00ednua del seu funcionament i servei postvenda. <\/p><p>Pel que fa als nostres clients, la seva satisfacci\u00f3 \u00e9s primordial. Per aix\u00f2, no sols venem productes; ens comprometem a ser el teu aliat tecnol\u00f2gic i de confian\u00e7a. Per a aix\u00f2, t&#8217;oferim l&#8217;<strong>assessorament i la formaci\u00f3 cont\u00ednua<\/strong> que necessitis, assegurant que estiguis sempre al capdavant de les \u00faltimes innovacions en la ind\u00fastria.<\/p><p>D&#8217;altra banda, estem orgullosos de treballar amb <strong>marques l\u00edders en el sector <\/strong> i comptem amb un equip de m\u00e9s de <strong>60 professionals altament capacitats <\/strong> i compromesos amb l&#8217;\u00e8xit dels nostres clients. Cada dia, els membres del nostre equip s&#8217;esforcen per a brindar un servei \u00f2ptim i d&#8217;alta qualitat. <\/p>\t\t\t\t\t\t\t\t<\/div>\n\t\t\t\t<\/div>\n\t\t\t\t<div class=\"elementor-element elementor-element-583cb9b elementor-widget elementor-widget-menu-anchor\" data-id=\"583cb9b\" data-element_type=\"widget\" data-e-type=\"widget\" data-widget_type=\"menu-anchor.default\">\n\t\t\t\t<div class=\"elementor-widget-container\">\n\t\t\t\t\t\t\t<div class=\"elementor-menu-anchor\" id=\"valors\"><\/div>\n\t\t\t\t\t\t<\/div>\n\t\t\t\t<\/div>\n\t\t\t\t<div class=\"elementor-element elementor-element-653b881 elementor-widget-divider--view-line elementor-widget elementor-widget-divider\" data-id=\"653b881\" data-element_type=\"widget\" data-e-type=\"widget\" data-widget_type=\"divider.default\">\n\t\t\t\t<div class=\"elementor-widget-container\">\n\t\t\t\t\t\t\t<div class=\"elementor-divider\">\n\t\t\t<span class=\"elementor-divider-separator\">\n\t\t\t\t\t\t<\/span>\n\t\t<\/div>\n\t\t\t\t\t\t<\/div>\n\t\t\t\t<\/div>\n\t\t\t\t<div class=\"elementor-element elementor-element-d1031fd elementor-widget elementor-widget-heading\" data-id=\"d1031fd\" data-element_type=\"widget\" data-e-type=\"widget\" data-widget_type=\"heading.default\">\n\t\t\t\t<div class=\"elementor-widget-container\">\n\t\t\t\t\t<h2 class=\"elementor-heading-title elementor-size-default\">Els nostres valors<\/h2>\t\t\t\t<\/div>\n\t\t\t\t<\/div>\n\t\t\t\t<section class=\"elementor-section elementor-inner-section elementor-element elementor-element-cc50580 elementor-section-boxed elementor-section-height-default elementor-section-height-default\" data-id=\"cc50580\" data-element_type=\"section\" data-e-type=\"section\">\n\t\t\t\t\t\t<div class=\"elementor-container elementor-column-gap-default\">\n\t\t\t\t\t<div class=\"elementor-column elementor-col-25 elementor-inner-column elementor-element elementor-element-f210d4f\" data-id=\"f210d4f\" data-element_type=\"column\" data-e-type=\"column\">\n\t\t\t<div class=\"elementor-widget-wrap elementor-element-populated\">\n\t\t\t\t\t\t<div class=\"elementor-element elementor-element-c5b1b6f elementor-flip-box--effect-fade elementor-widget elementor-widget-flip-box\" data-id=\"c5b1b6f\" data-element_type=\"widget\" data-e-type=\"widget\" data-widget_type=\"flip-box.default\">\n\t\t\t\t<div class=\"elementor-widget-container\">\n\t\t\t\t\t\t\t<div class=\"elementor-flip-box\" tabindex=\"0\">\n\t\t\t<div class=\"elementor-flip-box__layer elementor-flip-box__front\">\n\t\t\t\t<div class=\"elementor-flip-box__layer__overlay\">\n\t\t\t\t\t<div class=\"elementor-flip-box__layer__inner\">\n\t\t\t\t\t\t\t\t\t\t\t\t\t<div class=\"elementor-flip-box__image\">\n\t\t\t\t\t\t\t\t<img fetchpriority=\"high\" decoding=\"async\" width=\"500\" height=\"500\" src=\"https:\/\/www.airmatic.es\/wp-content\/uploads\/2024\/05\/experiencia_gris.webp\" class=\"attachment-full size-full wp-image-6228\" alt=\"verificaci\u00f3n de experiencia airmatic\" srcset=\"https:\/\/www.airmatic.es\/wp-content\/uploads\/2024\/05\/experiencia_gris.webp 500w, https:\/\/www.airmatic.es\/wp-content\/uploads\/2024\/05\/experiencia_gris-300x300.webp 300w, https:\/\/www.airmatic.es\/wp-content\/uploads\/2024\/05\/experiencia_gris-150x150.webp 150w\" sizes=\"(max-width: 500px) 100vw, 500px\" \/>\t\t\t\t\t\t\t<\/div>\n\t\t\t\t\t\t\n\t\t\t\t\t\t\t\t\t\t\t\t\t<p class=\"elementor-flip-box__layer__title\">\n\t\t\t\t\t\t\t\tExperi\u00e8ncia i coneixement\t\t\t\t\t\t\t<\/p>\n\t\t\t\t\t\t\n\t\t\t\t\t\t\t\t\t\t\t<\/div>\n\t\t\t\t<\/div>\n\t\t\t<\/div>\n\t\t\t<div class=\"elementor-flip-box__layer elementor-flip-box__back\">\n\t\t\t<div class=\"elementor-flip-box__layer__overlay\">\n\t\t\t\t<div class=\"elementor-flip-box__layer__inner\">\n\t\t\t\t\t\n\t\t\t\t\t\t\t\t\t\t\t<p class=\"elementor-flip-box__layer__description\">\n\t\t\t\t\t\t\tAmb anys d'experi\u00e8ncia al sector, hem adquirit un coneixement especialitzat que \u00e9s fruit del nostre comprom\u00eds profund amb la professi\u00f3. Aquesta base ens permet guiar als nostres clients amb confian\u00e7a i efic\u00e0cia, oferint solucions provades i portant nostra expert\u00edcia en cada projecte.\t\t\t\t\t\t<\/p>\n\t\t\t\t\t\n\t\t\t\t\t\t\t\t<\/div>\n\t\t<\/div>\n\t\t<\/div>\n\t\t<\/div>\n\t\t\t\t\t\t<\/div>\n\t\t\t\t<\/div>\n\t\t\t\t\t<\/div>\n\t\t<\/div>\n\t\t\t\t<div class=\"elementor-column elementor-col-25 elementor-inner-column elementor-element elementor-element-94a2aae\" data-id=\"94a2aae\" data-element_type=\"column\" data-e-type=\"column\">\n\t\t\t<div class=\"elementor-widget-wrap elementor-element-populated\">\n\t\t\t\t\t\t<div class=\"elementor-element elementor-element-1a8ebe3 elementor-flip-box--effect-fade elementor-widget elementor-widget-flip-box\" data-id=\"1a8ebe3\" data-element_type=\"widget\" data-e-type=\"widget\" data-widget_type=\"flip-box.default\">\n\t\t\t\t<div class=\"elementor-widget-container\">\n\t\t\t\t\t\t\t<div class=\"elementor-flip-box\" tabindex=\"0\">\n\t\t\t<div class=\"elementor-flip-box__layer elementor-flip-box__front\">\n\t\t\t\t<div class=\"elementor-flip-box__layer__overlay\">\n\t\t\t\t\t<div class=\"elementor-flip-box__layer__inner\">\n\t\t\t\t\t\t\t\t\t\t\t\t\t<div class=\"elementor-flip-box__image\">\n\t\t\t\t\t\t\t\t<img decoding=\"async\" width=\"500\" height=\"500\" src=\"https:\/\/www.airmatic.es\/wp-content\/uploads\/2024\/05\/verificado.webp\" class=\"attachment-full size-full wp-image-6230\" alt=\"icono de verificaci\u00f3n de calidad airmatic\" srcset=\"https:\/\/www.airmatic.es\/wp-content\/uploads\/2024\/05\/verificado.webp 500w, https:\/\/www.airmatic.es\/wp-content\/uploads\/2024\/05\/verificado-300x300.webp 300w, https:\/\/www.airmatic.es\/wp-content\/uploads\/2024\/05\/verificado-150x150.webp 150w\" sizes=\"(max-width: 500px) 100vw, 500px\" \/>\t\t\t\t\t\t\t<\/div>\n\t\t\t\t\t\t\n\t\t\t\t\t\t\t\t\t\t\t\t\t<p class=\"elementor-flip-box__layer__title\">\n\t\t\t\t\t\t\t\tResponsabilitat: Qualitat i fiabilitat\t\t\t\t\t\t\t<\/p>\n\t\t\t\t\t\t\n\t\t\t\t\t\t\t\t\t\t\t<\/div>\n\t\t\t\t<\/div>\n\t\t\t<\/div>\n\t\t\t<div class=\"elementor-flip-box__layer elementor-flip-box__back\">\n\t\t\t<div class=\"elementor-flip-box__layer__overlay\">\n\t\t\t\t<div class=\"elementor-flip-box__layer__inner\">\n\t\t\t\t\t\n\t\t\t\t\t\t\t\t\t\t\t<p class=\"elementor-flip-box__layer__description\">\n\t\t\t\t\t\t\tAirmatic ha crescut com a empresa fiable i professional, generant la m\u00e0xima confian\u00e7a en els clients. Ens esforcem per oferir productes i serveis d'excel\u00b7l\u00e8ncia,i actuem amb integritat i consci\u00e8ncia per a garantir que els nostres clients obtinguin resultats que els permeti augmentar i millorar la seva productivitat i optimitzant costos.\t\t\t\t\t\t<\/p>\n\t\t\t\t\t\n\t\t\t\t\t\t\t\t<\/div>\n\t\t<\/div>\n\t\t<\/div>\n\t\t<\/div>\n\t\t\t\t\t\t<\/div>\n\t\t\t\t<\/div>\n\t\t\t\t\t<\/div>\n\t\t<\/div>\n\t\t\t\t<div class=\"elementor-column elementor-col-25 elementor-inner-column elementor-element elementor-element-6ffaa2b\" data-id=\"6ffaa2b\" data-element_type=\"column\" data-e-type=\"column\">\n\t\t\t<div class=\"elementor-widget-wrap elementor-element-populated\">\n\t\t\t\t\t\t<div class=\"elementor-element elementor-element-6398cfb elementor-flip-box--effect-fade elementor-widget elementor-widget-flip-box\" data-id=\"6398cfb\" data-element_type=\"widget\" data-e-type=\"widget\" data-widget_type=\"flip-box.default\">\n\t\t\t\t<div class=\"elementor-widget-container\">\n\t\t\t\t\t\t\t<div class=\"elementor-flip-box\" tabindex=\"0\">\n\t\t\t<div class=\"elementor-flip-box__layer elementor-flip-box__front\">\n\t\t\t\t<div class=\"elementor-flip-box__layer__overlay\">\n\t\t\t\t\t<div class=\"elementor-flip-box__layer__inner\">\n\t\t\t\t\t\t\t\t\t\t\t\t\t<div class=\"elementor-flip-box__image\">\n\t\t\t\t\t\t\t\t<img decoding=\"async\" width=\"500\" height=\"500\" src=\"https:\/\/www.airmatic.es\/wp-content\/uploads\/2024\/05\/innovacion_gris.webp\" class=\"attachment-full size-full wp-image-6233\" alt=\"icono de innovacion en gris airmatic\" srcset=\"https:\/\/www.airmatic.es\/wp-content\/uploads\/2024\/05\/innovacion_gris.webp 500w, https:\/\/www.airmatic.es\/wp-content\/uploads\/2024\/05\/innovacion_gris-300x300.webp 300w, https:\/\/www.airmatic.es\/wp-content\/uploads\/2024\/05\/innovacion_gris-150x150.webp 150w\" sizes=\"(max-width: 500px) 100vw, 500px\" \/>\t\t\t\t\t\t\t<\/div>\n\t\t\t\t\t\t\n\t\t\t\t\t\t\t\t\t\t\t\t\t<p class=\"elementor-flip-box__layer__title\">\n\t\t\t\t\t\t\t\tInnovaci\u00f3\t\t\t\t\t\t\t<\/p>\n\t\t\t\t\t\t\n\t\t\t\t\t\t\t\t\t\t\t<\/div>\n\t\t\t\t<\/div>\n\t\t\t<\/div>\n\t\t\t<div class=\"elementor-flip-box__layer elementor-flip-box__back\">\n\t\t\t<div class=\"elementor-flip-box__layer__overlay\">\n\t\t\t\t<div class=\"elementor-flip-box__layer__inner\">\n\t\t\t\t\t\n\t\t\t\t\t\t\t\t\t\t\t<p class=\"elementor-flip-box__layer__description\">\n\t\t\t\t\t\t\tEstem compromesos amb la revisi\u00f3 cont\u00ednua dels nostres processos i productes per a garantir que compleixen amb els est\u00e0ndards m\u00e9s exigents. Sempre ens mantenim a l'avantguarda, investigant noves tecnologies i m\u00e8todes, per a brindar solucions innovadores als nostres clients.\t\t\t\t\t\t<\/p>\n\t\t\t\t\t\n\t\t\t\t\t\t\t\t<\/div>\n\t\t<\/div>\n\t\t<\/div>\n\t\t<\/div>\n\t\t\t\t\t\t<\/div>\n\t\t\t\t<\/div>\n\t\t\t\t\t<\/div>\n\t\t<\/div>\n\t\t\t\t<div class=\"elementor-column elementor-col-25 elementor-inner-column elementor-element elementor-element-1d58a9b\" data-id=\"1d58a9b\" data-element_type=\"column\" data-e-type=\"column\">\n\t\t\t<div class=\"elementor-widget-wrap elementor-element-populated\">\n\t\t\t\t\t\t<div class=\"elementor-element elementor-element-211dd1e elementor-flip-box--effect-fade elementor-widget elementor-widget-flip-box\" data-id=\"211dd1e\" data-element_type=\"widget\" data-e-type=\"widget\" data-widget_type=\"flip-box.default\">\n\t\t\t\t<div class=\"elementor-widget-container\">\n\t\t\t\t\t\t\t<div class=\"elementor-flip-box\" tabindex=\"0\">\n\t\t\t<div class=\"elementor-flip-box__layer elementor-flip-box__front\">\n\t\t\t\t<div class=\"elementor-flip-box__layer__overlay\">\n\t\t\t\t\t<div class=\"elementor-flip-box__layer__inner\">\n\t\t\t\t\t\t\t\t\t\t\t\t\t<div class=\"elementor-flip-box__image\">\n\t\t\t\t\t\t\t\t<img loading=\"lazy\" decoding=\"async\" width=\"500\" height=\"500\" src=\"https:\/\/www.airmatic.es\/wp-content\/uploads\/2024\/05\/orientado_cliente_gris.webp\" class=\"attachment-full size-full wp-image-6235\" alt=\"icono de encaje de manos gris airmatic\" srcset=\"https:\/\/www.airmatic.es\/wp-content\/uploads\/2024\/05\/orientado_cliente_gris.webp 500w, https:\/\/www.airmatic.es\/wp-content\/uploads\/2024\/05\/orientado_cliente_gris-300x300.webp 300w, https:\/\/www.airmatic.es\/wp-content\/uploads\/2024\/05\/orientado_cliente_gris-150x150.webp 150w\" sizes=\"(max-width: 500px) 100vw, 500px\" \/>\t\t\t\t\t\t\t<\/div>\n\t\t\t\t\t\t\n\t\t\t\t\t\t\t\t\t\t\t\t\t<p class=\"elementor-flip-box__layer__title\">\n\t\t\t\t\t\t\t\tAdaptaci\u00f3 Orientats al client\t\t\t\t\t\t\t<\/p>\n\t\t\t\t\t\t\n\t\t\t\t\t\t\t\t\t\t\t<\/div>\n\t\t\t\t<\/div>\n\t\t\t<\/div>\n\t\t\t<div class=\"elementor-flip-box__layer elementor-flip-box__back\">\n\t\t\t<div class=\"elementor-flip-box__layer__overlay\">\n\t\t\t\t<div class=\"elementor-flip-box__layer__inner\">\n\t\t\t\t\t\n\t\t\t\t\t\t\t\t\t\t\t<p class=\"elementor-flip-box__layer__description\">\n\t\t\t\t\t\t\tPer a nosaltres, cada client \u00e9s \u00fanic. Ens acurem a escoltar i comprendre les vostres necessitats, proposant solucions reals i alternatives de millora adaptades als vostres requeriments, buscant la vostra completa satisfacci\u00f3.\t\t\t\t\t\t<\/p>\n\t\t\t\t\t\n\t\t\t\t\t\t\t\t<\/div>\n\t\t<\/div>\n\t\t<\/div>\n\t\t<\/div>\n\t\t\t\t\t\t<\/div>\n\t\t\t\t<\/div>\n\t\t\t\t\t<\/div>\n\t\t<\/div>\n\t\t\t\t\t<\/div>\n\t\t<\/section>\n\t\t\t\t<div class=\"elementor-element elementor-element-dac5381 elementor-widget-divider--view-line elementor-widget elementor-widget-divider\" data-id=\"dac5381\" data-element_type=\"widget\" data-e-type=\"widget\" data-widget_type=\"divider.default\">\n\t\t\t\t<div class=\"elementor-widget-container\">\n\t\t\t\t\t\t\t<div class=\"elementor-divider\">\n\t\t\t<span class=\"elementor-divider-separator\">\n\t\t\t\t\t\t<\/span>\n\t\t<\/div>\n\t\t\t\t\t\t<\/div>\n\t\t\t\t<\/div>\n\t\t\t\t<div class=\"elementor-element elementor-element-841c092 elementor-widget elementor-widget-menu-anchor\" data-id=\"841c092\" data-element_type=\"widget\" data-e-type=\"widget\" data-widget_type=\"menu-anchor.default\">\n\t\t\t\t<div class=\"elementor-widget-container\">\n\t\t\t\t\t\t\t<div class=\"elementor-menu-anchor\" id=\"rsc\"><\/div>\n\t\t\t\t\t\t<\/div>\n\t\t\t\t<\/div>\n\t\t\t\t<section class=\"elementor-section elementor-inner-section elementor-element elementor-element-7a99755 elementor-section-boxed elementor-section-height-default elementor-section-height-default\" data-id=\"7a99755\" data-element_type=\"section\" data-e-type=\"section\">\n\t\t\t\t\t\t<div class=\"elementor-container elementor-column-gap-default\">\n\t\t\t\t\t<div class=\"elementor-column elementor-col-50 elementor-inner-column elementor-element elementor-element-11cd8e7\" data-id=\"11cd8e7\" data-element_type=\"column\" data-e-type=\"column\">\n\t\t\t<div class=\"elementor-widget-wrap elementor-element-populated\">\n\t\t\t\t\t\t<div class=\"elementor-element elementor-element-9e1b408 elementor-widget elementor-widget-heading\" data-id=\"9e1b408\" data-element_type=\"widget\" data-e-type=\"widget\" data-widget_type=\"heading.default\">\n\t\t\t\t<div class=\"elementor-widget-container\">\n\t\t\t\t\t<h3 class=\"elementor-heading-title elementor-size-default\">Responsabilitat Social<br> Corporativa d'Airmatic<\/h3>\t\t\t\t<\/div>\n\t\t\t\t<\/div>\n\t\t\t\t<div class=\"elementor-element elementor-element-45f0a45 elementor-widget elementor-widget-text-editor\" data-id=\"45f0a45\" data-element_type=\"widget\" data-e-type=\"widget\" data-widget_type=\"text-editor.default\">\n\t\t\t\t<div class=\"elementor-widget-container\">\n\t\t\t\t\t\t\t\t\t<p>En Airmatic, reconeixem i valorem la import\u00e0ncia de la Responsabilitat Social Corporativa (RSC) com un pilar fonamental en el nostre acompliment empresarial. Per aquesta ra\u00f3, ens comprometem a participar en iniciatives que generin un impacte positiu en la societat i el medi ambient.<\/p><p><strong>Els nostres Principals Compromisos:<\/strong><\/p>\t\t\t\t\t\t\t\t<\/div>\n\t\t\t\t<\/div>\n\t\t\t\t<div class=\"elementor-element elementor-element-1c1a3d8 elementor-widget elementor-widget-toggle\" data-id=\"1c1a3d8\" data-element_type=\"widget\" data-e-type=\"widget\" data-widget_type=\"toggle.default\">\n\t\t\t\t<div class=\"elementor-widget-container\">\n\t\t\t\t\t\t\t<div class=\"elementor-toggle\">\n\t\t\t\t\t\t\t<div class=\"elementor-toggle-item\">\n\t\t\t\t\t<div id=\"elementor-tab-title-2941\" class=\"elementor-tab-title\" data-tab=\"1\" role=\"button\" aria-controls=\"elementor-tab-content-2941\" aria-expanded=\"false\">\n\t\t\t\t\t\t\t\t\t\t\t\t<span class=\"elementor-toggle-icon elementor-toggle-icon-left\" aria-hidden=\"true\">\n\t\t\t\t\t\t\t\t\t\t\t\t\t\t\t<span class=\"elementor-toggle-icon-closed\"><i class=\"fas fa-caret-down\"><\/i><\/span>\n\t\t\t\t\t\t\t\t<span class=\"elementor-toggle-icon-opened\"><i class=\"elementor-toggle-icon-opened fas fa-caret-up\"><\/i><\/span>\n\t\t\t\t\t\t\t\t\t\t\t\t\t<\/span>\n\t\t\t\t\t\t\t\t\t\t\t\t<a class=\"elementor-toggle-title\" tabindex=\"0\">Desenvolupament i formaci\u00f3 Integral<\/a>\n\t\t\t\t\t<\/div>\n\n\t\t\t\t\t<div id=\"elementor-tab-content-2941\" class=\"elementor-tab-content elementor-clearfix\" data-tab=\"1\" role=\"region\" aria-labelledby=\"elementor-tab-title-2941\"><p>Fomentem un creixement professional continu i oferim formaci\u00f3 especialitzada. A m\u00e9s, promovem un ambient laboral inclusiu que potencia les capacitats del nostre equip.<\/p>\n<\/div>\n\t\t\t\t<\/div>\n\t\t\t\t\t\t\t<div class=\"elementor-toggle-item\">\n\t\t\t\t\t<div id=\"elementor-tab-title-2942\" class=\"elementor-tab-title\" data-tab=\"2\" role=\"button\" aria-controls=\"elementor-tab-content-2942\" aria-expanded=\"false\">\n\t\t\t\t\t\t\t\t\t\t\t\t<span class=\"elementor-toggle-icon elementor-toggle-icon-left\" aria-hidden=\"true\">\n\t\t\t\t\t\t\t\t\t\t\t\t\t\t\t<span class=\"elementor-toggle-icon-closed\"><i class=\"fas fa-caret-down\"><\/i><\/span>\n\t\t\t\t\t\t\t\t<span class=\"elementor-toggle-icon-opened\"><i class=\"elementor-toggle-icon-opened fas fa-caret-up\"><\/i><\/span>\n\t\t\t\t\t\t\t\t\t\t\t\t\t<\/span>\n\t\t\t\t\t\t\t\t\t\t\t\t<a class=\"elementor-toggle-title\" tabindex=\"0\">Innovaci\u00f3 amb Comprom\u00eds Ambiental<\/a>\n\t\t\t\t\t<\/div>\n\n\t\t\t\t\t<div id=\"elementor-tab-content-2942\" class=\"elementor-tab-content elementor-clearfix\" data-tab=\"2\" role=\"region\" aria-labelledby=\"elementor-tab-title-2942\"><p>Els nostres projectes estan dissenyats mantenint un ferm comprom\u00eds amb els principis de productivitat, efici\u00e8ncia energ\u00e8tica i seguretat. <\/p>\n<\/div>\n\t\t\t\t<\/div>\n\t\t\t\t\t\t\t<div class=\"elementor-toggle-item\">\n\t\t\t\t\t<div id=\"elementor-tab-title-2943\" class=\"elementor-tab-title\" data-tab=\"3\" role=\"button\" aria-controls=\"elementor-tab-content-2943\" aria-expanded=\"false\">\n\t\t\t\t\t\t\t\t\t\t\t\t<span class=\"elementor-toggle-icon elementor-toggle-icon-left\" aria-hidden=\"true\">\n\t\t\t\t\t\t\t\t\t\t\t\t\t\t\t<span class=\"elementor-toggle-icon-closed\"><i class=\"fas fa-caret-down\"><\/i><\/span>\n\t\t\t\t\t\t\t\t<span class=\"elementor-toggle-icon-opened\"><i class=\"elementor-toggle-icon-opened fas fa-caret-up\"><\/i><\/span>\n\t\t\t\t\t\t\t\t\t\t\t\t\t<\/span>\n\t\t\t\t\t\t\t\t\t\t\t\t<a class=\"elementor-toggle-title\" tabindex=\"0\">Compliment Rigor\u00f3s<\/a>\n\t\t\t\t\t<\/div>\n\n\t\t\t\t\t<div id=\"elementor-tab-content-2943\" class=\"elementor-tab-content elementor-clearfix\" data-tab=\"3\" role=\"region\" aria-labelledby=\"elementor-tab-title-2943\"><p>Ens adherim a les demandes dels nostres clients, lleis, reglaments i destaquem pel nostre comprom\u00eds amb l&#8217;excel\u00b7l\u00e8ncia aplicada a totes les pol\u00edtiques internes de Airmatic.<\/p>\n<\/div>\n\t\t\t\t<\/div>\n\t\t\t\t\t\t\t<div class=\"elementor-toggle-item\">\n\t\t\t\t\t<div id=\"elementor-tab-title-2944\" class=\"elementor-tab-title\" data-tab=\"4\" role=\"button\" aria-controls=\"elementor-tab-content-2944\" aria-expanded=\"false\">\n\t\t\t\t\t\t\t\t\t\t\t\t<span class=\"elementor-toggle-icon elementor-toggle-icon-left\" aria-hidden=\"true\">\n\t\t\t\t\t\t\t\t\t\t\t\t\t\t\t<span class=\"elementor-toggle-icon-closed\"><i class=\"fas fa-caret-down\"><\/i><\/span>\n\t\t\t\t\t\t\t\t<span class=\"elementor-toggle-icon-opened\"><i class=\"elementor-toggle-icon-opened fas fa-caret-up\"><\/i><\/span>\n\t\t\t\t\t\t\t\t\t\t\t\t\t<\/span>\n\t\t\t\t\t\t\t\t\t\t\t\t<a class=\"elementor-toggle-title\" tabindex=\"0\">Aliances Responsables<\/a>\n\t\t\t\t\t<\/div>\n\n\t\t\t\t\t<div id=\"elementor-tab-content-2944\" class=\"elementor-tab-content elementor-clearfix\" data-tab=\"4\" role=\"region\" aria-labelledby=\"elementor-tab-title-2944\"><p>Estenem la nostra \u00e8tica i valors de RSC als nostres col\u00b7laboradors i prove\u00efdors, buscant alinear-los amb el nostre comprom\u00eds de responsabilitat corporativa.<\/p>\n<\/div>\n\t\t\t\t<\/div>\n\t\t\t\t\t\t\t\t<\/div>\n\t\t\t\t\t\t<\/div>\n\t\t\t\t<\/div>\n\t\t\t\t\t<\/div>\n\t\t<\/div>\n\t\t\t\t<div class=\"elementor-column elementor-col-50 elementor-inner-column elementor-element elementor-element-a5a0819\" data-id=\"a5a0819\" data-element_type=\"column\" data-e-type=\"column\">\n\t\t\t<div class=\"elementor-widget-wrap elementor-element-populated\">\n\t\t\t\t\t\t<div class=\"elementor-element elementor-element-b0ae130 premium-blog__carousel-yes premium-blog-align-justify elementor-widget elementor-widget-premium-addon-blog\" data-id=\"b0ae130\" data-element_type=\"widget\" data-e-type=\"widget\" data-settings=\"{&quot;premium_blog_columns_number&quot;:&quot;100%&quot;,&quot;premium_blog_carousel&quot;:&quot;yes&quot;,&quot;premium_blog_carousel_play&quot;:&quot;yes&quot;,&quot;carousel_speed&quot;:500,&quot;premium_blog_carousel_spacing&quot;:17,&quot;premium_blog_carousel_dots&quot;:&quot;yes&quot;,&quot;premium_blog_columns_number_tablet&quot;:&quot;100%&quot;,&quot;premium_blog_grid&quot;:&quot;yes&quot;,&quot;premium_blog_layout&quot;:&quot;even&quot;,&quot;premium_blog_columns_number_mobile&quot;:&quot;100%&quot;,&quot;premium_blog_carousel_autoplay_speed&quot;:5000}\" data-widget_type=\"premium-addon-blog.default\">\n\t\t\t\t<div class=\"elementor-widget-container\">\n\t\t\t\t\t\n\t\t\n\n\t\t\t\t<div class=\"premium-blog-wrap  premium-blog-even premium-carousel-hidden\" data-page=\"4797\">\n\t\t\t\t\t\t\t\t\t<div class=\"premium-blog-post-outer-container\" data-total=\"1\">\n\t\t\t<div class=\"premium-blog-post-container premium-blog-skin-classic\">\n\t\t\t\t\t\t\t\t\t<div class=\"premium-blog-thumb-effect-wrapper\">\n\t\t\t\t\t\t<div class=\"premium-blog-thumbnail-container premium-blog-zoomin-effect\">\n\t\t\t\t\t\t\t<img loading=\"lazy\" decoding=\"async\" width=\"1440\" height=\"1080\" src=\"https:\/\/www.airmatic.es\/wp-content\/uploads\/2025\/11\/mp1.jpg\" class=\"attachment-full size-full wp-image-6776\" alt=\"Participantes de la Marcha de las Personas camino de Montserrat\" srcset=\"https:\/\/www.airmatic.es\/wp-content\/uploads\/2025\/11\/mp1.jpg 1440w, https:\/\/www.airmatic.es\/wp-content\/uploads\/2025\/11\/mp1-300x225.jpg 300w, https:\/\/www.airmatic.es\/wp-content\/uploads\/2025\/11\/mp1-1024x768.jpg 1024w, https:\/\/www.airmatic.es\/wp-content\/uploads\/2025\/11\/mp1-768x576.jpg 768w\" sizes=\"(max-width: 1440px) 100vw, 1440px\" \/>\t\t\t\t\t\t<\/div>\n\t\t\t\t\t\t\t\t\t\t\t\t\t<div class=\"premium-blog-thumbnail-overlay\">\n\t\t\t\t\t\t\t\t<a class=\"elementor-icon\" href=\"https:\/\/www.airmatic.es\/ca\/la-marxa-de-les-persones-sacomiada-despres-de-44-anys-de-compromis-i-comunitat\/\" target=\"_self\"><\/a>\n\t\t\t\t\t\t\t<\/div>\n\n\t\t\t\t\t\t\t\t\t\t\t\t\t\t\t\t\t\t<\/div>\n\t\t\t\t\t\t\t\t\t\t\t\t<div class=\"premium-blog-content-wrapper \">\n\n\t\t\t\t\t<div class=\"premium-blog-inner-container\">\n\n\t\t\t\t\t\t\t\t\t\t\t\t\t\t<p class=\"premium-blog-entry-title\">\n\t\t\t<a href=\"https:\/\/www.airmatic.es\/ca\/la-marxa-de-les-persones-sacomiada-despres-de-44-anys-de-compromis-i-comunitat\/\" target=\"_self\">\n\t\t\t\tLa Marxa de les Persones s\u2019acomiada despr\u00e9s de 44 anys de comprom\u00eds i comunitat\t\t\t<\/a>\n\t\t<\/p>\n\t\t\t\t<div class=\"premium-blog-entry-meta\">\n\t\t\t\n\t\t\t\n\t\t\t\n\t\t\t\t\t<\/div>\n\t\t\n\t\t\t\t\t<\/div>\n\n\t\t\t\t\t\t\t<div class=\"premium-blog-content-inner-wrapper\">\n\t\t<p class=\"premium-blog-post-content\">L\u2019any 1980, el Dr. Pere Berbel, juntament amb diversos professionals del Parc Taul\u00ed Hospital Universitari de Sabadell, va iniciar una caminada cap al Monestir de Montserrat. El que podia haver estat simplement una sortida entre companys, va acabar convertint-se en una iniciativa plena de significat: recordar que totes les persones importen, sense excepci\u00f3. A partir [&hellip;]<\/p><div class=\"premium-blog-excerpt-link-wrap\"><a href=\"https:\/\/www.airmatic.es\/ca\/la-marxa-de-les-persones-sacomiada-despres-de-44-anys-de-compromis-i-comunitat\/\" target=\"_self\" class=\"premium-blog-excerpt-link elementor-button\">+ Llegir not\u00edcia completa<\/a><\/div>\t\t<\/div>\n\t\t\t\t\t\t\t\n\t\t\t\t<\/div>\n\t\t\t<\/div>\n\t\t<\/div>\n\n\t\t\t\t<div class=\"premium-blog-post-outer-container\" data-total=\"1\">\n\t\t\t<div class=\"premium-blog-post-container premium-blog-skin-classic\">\n\t\t\t\t\t\t\t\t\t<div class=\"premium-blog-thumb-effect-wrapper\">\n\t\t\t\t\t\t<div class=\"premium-blog-thumbnail-container premium-blog-zoomin-effect\">\n\t\t\t\t\t\t\t<img loading=\"lazy\" decoding=\"async\" width=\"300\" height=\"150\" src=\"https:\/\/www.airmatic.es\/wp-content\/uploads\/2023\/09\/unicef-infancia-rsc.png\" class=\"attachment-full size-full wp-image-4783\" alt=\"Logo de Unicef, del programa multiplica por la infancia\" \/>\t\t\t\t\t\t<\/div>\n\t\t\t\t\t\t\t\t\t\t\t\t\t<div class=\"premium-blog-thumbnail-overlay\">\n\t\t\t\t\t\t\t\t<a class=\"elementor-icon\" href=\"https:\/\/www.airmatic.es\/ca\/unicef-multiplica-per-la-infancia\/\" target=\"_self\"><\/a>\n\t\t\t\t\t\t\t<\/div>\n\n\t\t\t\t\t\t\t\t\t\t\t\t\t\t\t\t\t\t<\/div>\n\t\t\t\t\t\t\t\t\t\t\t\t<div class=\"premium-blog-content-wrapper \">\n\n\t\t\t\t\t<div class=\"premium-blog-inner-container\">\n\n\t\t\t\t\t\t\t\t\t\t\t\t\t\t<p class=\"premium-blog-entry-title\">\n\t\t\t<a href=\"https:\/\/www.airmatic.es\/ca\/unicef-multiplica-per-la-infancia\/\" target=\"_self\">\n\t\t\t\tUnicef multiplica per la inf\u00e0ncia\t\t\t<\/a>\n\t\t<\/p>\n\t\t\t\t<div class=\"premium-blog-entry-meta\">\n\t\t\t\n\t\t\t\n\t\t\t\n\t\t\t\t\t<\/div>\n\t\t\n\t\t\t\t\t<\/div>\n\n\t\t\t\t\t\t\t<div class=\"premium-blog-content-inner-wrapper\">\n\t\t<p class=\"premium-blog-post-content\">Airmatic col\u00b7labora anualment amb el programa Multiplica per la Inf\u00e0ncia d&#8217;Unicef. El qual t\u00e9 com a objectiu la construcci\u00f3 d&#8217; escoles i oferir un ensenyament de qualitat a infants de pa\u00efsos subdesenvolupats. Des de 2005 Multiplica per la Inf\u00e0ncia ha ajudat m\u00e9s de 30 milions de nens de 13 pa\u00efsos diferents. A Airmatic estem compromesos [&hellip;]<\/p><div class=\"premium-blog-excerpt-link-wrap\"><a href=\"https:\/\/www.airmatic.es\/ca\/unicef-multiplica-per-la-infancia\/\" target=\"_self\" class=\"premium-blog-excerpt-link elementor-button\">+ Llegir not\u00edcia completa<\/a><\/div>\t\t<\/div>\n\t\t\t\t\t\t\t\n\t\t\t\t<\/div>\n\t\t\t<\/div>\n\t\t<\/div>\n\n\t\t\t\t<div class=\"premium-blog-post-outer-container\" data-total=\"1\">\n\t\t\t<div class=\"premium-blog-post-container premium-blog-skin-classic\">\n\t\t\t\t\t\t\t\t\t<div class=\"premium-blog-thumb-effect-wrapper\">\n\t\t\t\t\t\t<div class=\"premium-blog-thumbnail-container premium-blog-zoomin-effect\">\n\t\t\t\t\t\t\t<img loading=\"lazy\" decoding=\"async\" width=\"500\" height=\"200\" src=\"https:\/\/www.airmatic.es\/wp-content\/uploads\/2023\/09\/oxfam-rsc-entrada.jpg\" class=\"attachment-full size-full wp-image-4774\" alt=\"Logo de Interm\u00f3n Oxfarm trailwalker, donde Airmatic colabor\u00f3\" srcset=\"https:\/\/www.airmatic.es\/wp-content\/uploads\/2023\/09\/oxfam-rsc-entrada.jpg 500w, https:\/\/www.airmatic.es\/wp-content\/uploads\/2023\/09\/oxfam-rsc-entrada-300x120.jpg 300w\" sizes=\"(max-width: 500px) 100vw, 500px\" \/>\t\t\t\t\t\t<\/div>\n\t\t\t\t\t\t\t\t\t\t\t\t\t<div class=\"premium-blog-thumbnail-overlay\">\n\t\t\t\t\t\t\t\t<a class=\"elementor-icon\" href=\"https:\/\/www.airmatic.es\/ca\/oxfam-trailwalker\/\" target=\"_self\"><\/a>\n\t\t\t\t\t\t\t<\/div>\n\n\t\t\t\t\t\t\t\t\t\t\t\t\t\t\t\t\t\t<\/div>\n\t\t\t\t\t\t\t\t\t\t\t\t<div class=\"premium-blog-content-wrapper \">\n\n\t\t\t\t\t<div class=\"premium-blog-inner-container\">\n\n\t\t\t\t\t\t\t\t\t\t\t\t\t\t<p class=\"premium-blog-entry-title\">\n\t\t\t<a href=\"https:\/\/www.airmatic.es\/ca\/oxfam-trailwalker\/\" target=\"_self\">\n\t\t\t\tOxfam Trailwalker\t\t\t<\/a>\n\t\t<\/p>\n\t\t\t\t<div class=\"premium-blog-entry-meta\">\n\t\t\t\n\t\t\t\n\t\t\t\n\t\t\t\t\t<\/div>\n\t\t\n\t\t\t\t\t<\/div>\n\n\t\t\t\t\t\t\t<div class=\"premium-blog-content-inner-wrapper\">\n\t\t<p class=\"premium-blog-post-content\">Airmatic \u00e9s un dels patrocinadors de la cursa de 100km Oxfam Trailwalker . Aquesta marxa es realitza de forma anual i tota la recaptaci\u00f3 aconseguida \u00e9s destinada a projectes seleccionats per Intermon Oxfam. L&#8217;objectiu de la Trailwalker \u00e9s recaptar fons per a projectes de cooperaci\u00f3, ajuda humanit\u00e0ria, comer\u00e7 just i sensibilitzaci\u00f3 a m\u00e9s de 90 [&hellip;]<\/p><div class=\"premium-blog-excerpt-link-wrap\"><a href=\"https:\/\/www.airmatic.es\/ca\/oxfam-trailwalker\/\" target=\"_self\" class=\"premium-blog-excerpt-link elementor-button\">+ Llegir not\u00edcia completa<\/a><\/div>\t\t<\/div>\n\t\t\t\t\t\t\t\n\t\t\t\t<\/div>\n\t\t\t<\/div>\n\t\t<\/div>\n\n\t\t\t\t\t\t\t<\/div>\n\n\t\t\n\t\t\n\t\t\t\t\t\t<\/div>\n\t\t\t\t<\/div>\n\t\t\t\t\t<\/div>\n\t\t<\/div>\n\t\t\t\t\t<\/div>\n\t\t<\/section>\n\t\t\t\t<div class=\"elementor-element elementor-element-9c4b1cb elementor-widget-divider--view-line elementor-widget elementor-widget-divider\" data-id=\"9c4b1cb\" data-element_type=\"widget\" data-e-type=\"widget\" data-widget_type=\"divider.default\">\n\t\t\t\t<div class=\"elementor-widget-container\">\n\t\t\t\t\t\t\t<div class=\"elementor-divider\">\n\t\t\t<span class=\"elementor-divider-separator\">\n\t\t\t\t\t\t<\/span>\n\t\t<\/div>\n\t\t\t\t\t\t<\/div>\n\t\t\t\t<\/div>\n\t\t\t\t<div class=\"elementor-element elementor-element-5976043 elementor-widget elementor-widget-menu-anchor\" data-id=\"5976043\" data-element_type=\"widget\" data-e-type=\"widget\" data-widget_type=\"menu-anchor.default\">\n\t\t\t\t<div class=\"elementor-widget-container\">\n\t\t\t\t\t\t\t<div class=\"elementor-menu-anchor\" id=\"sgi\"><\/div>\n\t\t\t\t\t\t<\/div>\n\t\t\t\t<\/div>\n\t\t\t\t<div class=\"elementor-element elementor-element-3618d7e elementor-widget elementor-widget-heading\" data-id=\"3618d7e\" data-element_type=\"widget\" data-e-type=\"widget\" data-widget_type=\"heading.default\">\n\t\t\t\t<div class=\"elementor-widget-container\">\n\t\t\t\t\t<h2 class=\"elementor-heading-title elementor-size-default\">Sistema de<br> Gesti\u00f3 integrat d'Airmatic<\/h2>\t\t\t\t<\/div>\n\t\t\t\t<\/div>\n\t\t\t\t<div class=\"elementor-element elementor-element-06f84c7 elementor-widget elementor-widget-text-editor\" data-id=\"06f84c7\" data-element_type=\"widget\" data-e-type=\"widget\" data-widget_type=\"text-editor.default\">\n\t\t\t\t<div class=\"elementor-widget-container\">\n\t\t\t\t\t\t\t\t\t<p>Airmatic opera sota un sistema de gesti\u00f3 rigor\u00f3s i complet, i destaca pel seu comprom\u00eds indestructible amb l&#8217;excel\u00b7l\u00e8ncia. A m\u00e9s, <strong>som<\/strong> <b>l&#8217;\u00fanica companyia independent als nostres sectors que ha adquirit i mantingut les tres certificacions ISO durant m\u00e9s de 20 anys.<\/b><br> Aquesta traject\u00f2ria demostra el nostre comprom\u00eds sostingut amb els m\u00e9s alts est\u00e0ndards de qualitat i efici\u00e8ncia, tot d&#8217;acord amb les normes seg\u00fcents:<\/p>\t\t\t\t\t\t\t\t<\/div>\n\t\t\t\t<\/div>\n\t\t\t\t<section class=\"elementor-section elementor-inner-section elementor-element elementor-element-bbac571 elementor-section-boxed elementor-section-height-default elementor-section-height-default\" data-id=\"bbac571\" data-element_type=\"section\" data-e-type=\"section\">\n\t\t\t\t\t\t<div class=\"elementor-container elementor-column-gap-default\">\n\t\t\t\t\t<div class=\"elementor-column elementor-col-33 elementor-inner-column elementor-element elementor-element-b2cef01\" data-id=\"b2cef01\" data-element_type=\"column\" data-e-type=\"column\">\n\t\t\t<div class=\"elementor-widget-wrap elementor-element-populated\">\n\t\t\t\t\t\t<div class=\"elementor-element elementor-element-c817798 elementor-widget elementor-widget-toggle\" data-id=\"c817798\" data-element_type=\"widget\" data-e-type=\"widget\" data-widget_type=\"toggle.default\">\n\t\t\t\t<div class=\"elementor-widget-container\">\n\t\t\t\t\t\t\t<div class=\"elementor-toggle\">\n\t\t\t\t\t\t\t<div class=\"elementor-toggle-item\">\n\t\t\t\t\t<div id=\"elementor-tab-title-2091\" class=\"elementor-tab-title\" data-tab=\"1\" role=\"button\" aria-controls=\"elementor-tab-content-2091\" aria-expanded=\"false\">\n\t\t\t\t\t\t\t\t\t\t\t\t<span class=\"elementor-toggle-icon elementor-toggle-icon-right\" aria-hidden=\"true\">\n\t\t\t\t\t\t\t\t\t\t\t\t\t\t\t<span class=\"elementor-toggle-icon-closed\"><i class=\"fas fa-plus-circle\"><\/i><\/span>\n\t\t\t\t\t\t\t\t<span class=\"elementor-toggle-icon-opened\"><i class=\"elementor-toggle-icon-opened fas fa-minus-circle\"><\/i><\/span>\n\t\t\t\t\t\t\t\t\t\t\t\t\t<\/span>\n\t\t\t\t\t\t\t\t\t\t\t\t<a class=\"elementor-toggle-title\" tabindex=\"0\">QUALITAT<\/a>\n\t\t\t\t\t<\/div>\n\n\t\t\t\t\t<div id=\"elementor-tab-content-2091\" class=\"elementor-tab-content elementor-clearfix\" data-tab=\"1\" role=\"region\" aria-labelledby=\"elementor-tab-title-2091\"><table style=\"border-collapse: collapse; width: 100%; border: white !important; height: 188px;\">\n<tbody>\n<tr style=\"height: 24px;\">\n<td style=\"width: 100%; border: 0px; background-color: white !important; height: 24px;\"><img loading=\"lazy\" decoding=\"async\" class=\"wp-image-5752 aligncenter\" src=\"https:\/\/www.airmatic.es\/wp-content\/uploads\/2024\/04\/ISO-9001.webp\" alt=\"logo de la certificaci\u00f3 ISO 9001 obtinguda per Airmatic\" width=\"155\" height=\"167\" srcset=\"https:\/\/www.airmatic.es\/wp-content\/uploads\/2024\/04\/ISO-9001.webp 400w, https:\/\/www.airmatic.es\/wp-content\/uploads\/2024\/04\/ISO-9001-278x300.webp 278w\" sizes=\"(max-width: 155px) 100vw, 155px\" \/><\/td>\n<\/tr>\n<tr style=\"height: 164px;\">\n<td style=\"width: 100%; border: 0px; height: 164px;\">\n<p style=\"text-align: center;\"><strong>UNE-EN-ISO 9001<\/strong><\/p>\n<p style=\"text-align: justify; padding: 0px 20px 0px 20px;\">Assegurem l&#8217;excel\u00b7l\u00e8ncia en cada proc\u00e9s i servei, destacant la nostra certificaci\u00f3 sota aquesta norma.<\/p>\n<\/td>\n<\/tr>\n<\/tbody>\n<\/table>\n<\/div>\n\t\t\t\t<\/div>\n\t\t\t\t\t\t\t\t<\/div>\n\t\t\t\t\t\t<\/div>\n\t\t\t\t<\/div>\n\t\t\t\t\t<\/div>\n\t\t<\/div>\n\t\t\t\t<div class=\"elementor-column elementor-col-33 elementor-inner-column elementor-element elementor-element-1791c4d\" data-id=\"1791c4d\" data-element_type=\"column\" data-e-type=\"column\">\n\t\t\t<div class=\"elementor-widget-wrap elementor-element-populated\">\n\t\t\t\t\t\t<div class=\"elementor-element elementor-element-0403e7b elementor-widget elementor-widget-toggle\" data-id=\"0403e7b\" data-element_type=\"widget\" data-e-type=\"widget\" data-widget_type=\"toggle.default\">\n\t\t\t\t<div class=\"elementor-widget-container\">\n\t\t\t\t\t\t\t<div class=\"elementor-toggle\">\n\t\t\t\t\t\t\t<div class=\"elementor-toggle-item\">\n\t\t\t\t\t<div id=\"elementor-tab-title-4211\" class=\"elementor-tab-title\" data-tab=\"1\" role=\"button\" aria-controls=\"elementor-tab-content-4211\" aria-expanded=\"false\">\n\t\t\t\t\t\t\t\t\t\t\t\t<span class=\"elementor-toggle-icon elementor-toggle-icon-right\" aria-hidden=\"true\">\n\t\t\t\t\t\t\t\t\t\t\t\t\t\t\t<span class=\"elementor-toggle-icon-closed\"><i class=\"fas fa-plus-circle\"><\/i><\/span>\n\t\t\t\t\t\t\t\t<span class=\"elementor-toggle-icon-opened\"><i class=\"elementor-toggle-icon-opened fas fa-minus-circle\"><\/i><\/span>\n\t\t\t\t\t\t\t\t\t\t\t\t\t<\/span>\n\t\t\t\t\t\t\t\t\t\t\t\t<a class=\"elementor-toggle-title\" tabindex=\"0\">MEDI AMBIENT<\/a>\n\t\t\t\t\t<\/div>\n\n\t\t\t\t\t<div id=\"elementor-tab-content-4211\" class=\"elementor-tab-content elementor-clearfix\" data-tab=\"1\" role=\"region\" aria-labelledby=\"elementor-tab-title-4211\"><table style=\"border-collapse: collapse; width: 100%; border: white !important; height: 188px;\">\n<tbody>\n<tr style=\"height: 24px;\">\n<td style=\"width: 100%; border: 0px; background-color: white !important; height: 24px;\"><img loading=\"lazy\" decoding=\"async\" class=\"wp-image-5747 aligncenter\" src=\"https:\/\/www.airmatic.es\/wp-content\/uploads\/2024\/04\/ISO-14001.webp\" alt=\"Logo de la certificaci\u00f3 ISO 14001 obtinguda per Airmatic\" width=\"155\" height=\"167\" srcset=\"https:\/\/www.airmatic.es\/wp-content\/uploads\/2024\/04\/ISO-14001.webp 400w, https:\/\/www.airmatic.es\/wp-content\/uploads\/2024\/04\/ISO-14001-278x300.webp 278w\" sizes=\"(max-width: 155px) 100vw, 155px\" \/><\/td>\n<\/tr>\n<tr style=\"height: 164px;\">\n<td style=\"width: 100%; border: 0px; height: 164px;\">\n<p style=\"text-align: center;\"><strong>UNE-EN-ISO 14001<\/strong><\/p>\n<p style=\"text-align: justify; padding: 0px 20px 0px 20px;\">Estem compromesos amb pr\u00e0ctiques ecol\u00f2giques, treballant per minimitzar residus i adoptar enfocaments sostenibles en totes les nostres operacions.<\/p>\n<\/td>\n<\/tr>\n<\/tbody>\n<\/table>\n<\/div>\n\t\t\t\t<\/div>\n\t\t\t\t\t\t\t\t<\/div>\n\t\t\t\t\t\t<\/div>\n\t\t\t\t<\/div>\n\t\t\t\t\t<\/div>\n\t\t<\/div>\n\t\t\t\t<div class=\"elementor-column elementor-col-33 elementor-inner-column elementor-element elementor-element-13f7fa0\" data-id=\"13f7fa0\" data-element_type=\"column\" data-e-type=\"column\">\n\t\t\t<div class=\"elementor-widget-wrap elementor-element-populated\">\n\t\t\t\t\t\t<div class=\"elementor-element elementor-element-73dd5ec elementor-widget elementor-widget-toggle\" data-id=\"73dd5ec\" data-element_type=\"widget\" data-e-type=\"widget\" data-widget_type=\"toggle.default\">\n\t\t\t\t<div class=\"elementor-widget-container\">\n\t\t\t\t\t\t\t<div class=\"elementor-toggle\">\n\t\t\t\t\t\t\t<div class=\"elementor-toggle-item\">\n\t\t\t\t\t<div id=\"elementor-tab-title-1211\" class=\"elementor-tab-title\" data-tab=\"1\" role=\"button\" aria-controls=\"elementor-tab-content-1211\" aria-expanded=\"false\">\n\t\t\t\t\t\t\t\t\t\t\t\t<span class=\"elementor-toggle-icon elementor-toggle-icon-right\" aria-hidden=\"true\">\n\t\t\t\t\t\t\t\t\t\t\t\t\t\t\t<span class=\"elementor-toggle-icon-closed\"><i class=\"fas fa-plus-circle\"><\/i><\/span>\n\t\t\t\t\t\t\t\t<span class=\"elementor-toggle-icon-opened\"><i class=\"elementor-toggle-icon-opened fas fa-minus-circle\"><\/i><\/span>\n\t\t\t\t\t\t\t\t\t\t\t\t\t<\/span>\n\t\t\t\t\t\t\t\t\t\t\t\t<a class=\"elementor-toggle-title\" tabindex=\"0\">PREVENCI\u00d3 DE RISCOS LABORALS<\/a>\n\t\t\t\t\t<\/div>\n\n\t\t\t\t\t<div id=\"elementor-tab-content-1211\" class=\"elementor-tab-content elementor-clearfix\" data-tab=\"1\" role=\"region\" aria-labelledby=\"elementor-tab-title-1211\"><table style=\"border-collapse: collapse; width: 100%; border: white !important; height: 188px;\">\n<tbody>\n<tr style=\"height: 24px;\">\n<td style=\"width: 100%; border: 0px; background-color: white !important; height: 24px;\"><img loading=\"lazy\" decoding=\"async\" class=\"wp-image-5742 aligncenter\" src=\"https:\/\/www.airmatic.es\/wp-content\/uploads\/2024\/04\/ISO-45001.webp\" alt=\"Logo de la certificaci\u00f3 ISO 45001\" width=\"155\" height=\"167\" srcset=\"https:\/\/www.airmatic.es\/wp-content\/uploads\/2024\/04\/ISO-45001.webp 400w, https:\/\/www.airmatic.es\/wp-content\/uploads\/2024\/04\/ISO-45001-278x300.webp 278w\" sizes=\"(max-width: 155px) 100vw, 155px\" \/><\/td>\n<\/tr>\n<tr style=\"height: 164px;\">\n<td style=\"width: 100%; border: 0px; height: 164px;\">\n<p style=\"text-align: center;\"><strong>UNE-EN-ISO 45001<\/strong><\/p>\n<p style=\"text-align: justify; padding: 0px 20px 0px 20px;\">La nostra prioritat \u00e9s garantir la integritat del nostre equip, tenint com a meta zero accidents i promovent un ambient laboral segur.<\/p>\n<\/td>\n<\/tr>\n<\/tbody>\n<\/table>\n<\/div>\n\t\t\t\t<\/div>\n\t\t\t\t\t\t\t\t<\/div>\n\t\t\t\t\t\t<\/div>\n\t\t\t\t<\/div>\n\t\t\t\t\t<\/div>\n\t\t<\/div>\n\t\t\t\t\t<\/div>\n\t\t<\/section>\n\t\t\t\t<div class=\"elementor-element elementor-element-4778ede elementor-widget-divider--view-line elementor-widget elementor-widget-divider\" data-id=\"4778ede\" data-element_type=\"widget\" data-e-type=\"widget\" data-widget_type=\"divider.default\">\n\t\t\t\t<div class=\"elementor-widget-container\">\n\t\t\t\t\t\t\t<div class=\"elementor-divider\">\n\t\t\t<span class=\"elementor-divider-separator\">\n\t\t\t\t\t\t<\/span>\n\t\t<\/div>\n\t\t\t\t\t\t<\/div>\n\t\t\t\t<\/div>\n\t\t\t\t<div class=\"elementor-element elementor-element-9aa9f11 elementor-widget elementor-widget-menu-anchor\" data-id=\"9aa9f11\" data-element_type=\"widget\" data-e-type=\"widget\" data-widget_type=\"menu-anchor.default\">\n\t\t\t\t<div class=\"elementor-widget-container\">\n\t\t\t\t\t\t\t<div class=\"elementor-menu-anchor\" id=\"noticies\"><\/div>\n\t\t\t\t\t\t<\/div>\n\t\t\t\t<\/div>\n\t\t\t\t<div class=\"elementor-element elementor-element-7b17840 elementor-widget elementor-widget-heading\" data-id=\"7b17840\" data-element_type=\"widget\" data-e-type=\"widget\" data-widget_type=\"heading.default\">\n\t\t\t\t<div class=\"elementor-widget-container\">\n\t\t\t\t\t<h2 class=\"elementor-heading-title elementor-size-default\">Not\u00edcies sobre Airmatic<\/h2>\t\t\t\t<\/div>\n\t\t\t\t<\/div>\n\t\t\t\t<div class=\"elementor-element elementor-element-5caf80e premium-blog__carousel-yes premium-blog-align-left elementor-widget elementor-widget-premium-addon-blog\" data-id=\"5caf80e\" data-element_type=\"widget\" data-e-type=\"widget\" data-settings=\"{&quot;premium_blog_columns_number&quot;:&quot;33.33%&quot;,&quot;premium_blog_carousel&quot;:&quot;yes&quot;,&quot;premium_blog_carousel_play&quot;:&quot;yes&quot;,&quot;premium_blog_grid&quot;:&quot;yes&quot;,&quot;premium_blog_layout&quot;:&quot;even&quot;,&quot;premium_blog_columns_number_tablet&quot;:&quot;50%&quot;,&quot;premium_blog_columns_number_mobile&quot;:&quot;100%&quot;,&quot;premium_blog_carousel_autoplay_speed&quot;:5000,&quot;carousel_speed&quot;:300,&quot;premium_blog_carousel_spacing&quot;:&quot;15&quot;,&quot;premium_blog_carousel_arrows&quot;:&quot;yes&quot;,&quot;arrows_position&quot;:&quot;default&quot;}\" data-widget_type=\"premium-addon-blog.default\">\n\t\t\t\t<div class=\"elementor-widget-container\">\n\t\t\t\t\t\n\t\t\n\n\t\t\t\t<div class=\"premium-blog-wrap  premium-blog-even premium-carousel-hidden\" data-page=\"4797\">\n\t\t\t\t\t\t\t\t\t<div class=\"premium-blog-post-outer-container\" data-total=\"1\">\n\t\t\t<div class=\"premium-blog-post-container premium-blog-skin-classic\">\n\t\t\t\t\t\t\t\t\t<div class=\"premium-blog-thumb-effect-wrapper\">\n\t\t\t\t\t\t<div class=\"premium-blog-thumbnail-container premium-blog-zoomin-effect\">\n\t\t\t\t\t\t\t<img loading=\"lazy\" decoding=\"async\" width=\"2560\" height=\"1920\" src=\"https:\/\/www.airmatic.es\/wp-content\/uploads\/2025\/07\/CIMB4491-scaled.jpg\" class=\"attachment-full size-full wp-image-6741\" alt=\"Gerencia de Airmatic y Neofluid celebrando el aniversario de la compa\u00f1\u00eda\" srcset=\"https:\/\/www.airmatic.es\/wp-content\/uploads\/2025\/07\/CIMB4491-scaled.jpg 2560w, https:\/\/www.airmatic.es\/wp-content\/uploads\/2025\/07\/CIMB4491-300x225.jpg 300w, https:\/\/www.airmatic.es\/wp-content\/uploads\/2025\/07\/CIMB4491-1024x768.jpg 1024w, https:\/\/www.airmatic.es\/wp-content\/uploads\/2025\/07\/CIMB4491-768x576.jpg 768w, https:\/\/www.airmatic.es\/wp-content\/uploads\/2025\/07\/CIMB4491-1536x1152.jpg 1536w, https:\/\/www.airmatic.es\/wp-content\/uploads\/2025\/07\/CIMB4491-2048x1536.jpg 2048w\" sizes=\"(max-width: 2560px) 100vw, 2560px\" \/>\t\t\t\t\t\t<\/div>\n\t\t\t\t\t\t\t\t\t\t\t\t\t<div class=\"premium-blog-thumbnail-overlay\">\n\t\t\t\t\t\t\t\t<a class=\"elementor-icon\" href=\"https:\/\/www.airmatic.es\/ca\/airmatic-celebra-48-anys-de-trajectoria\/\" target=\"_self\"><\/a>\n\t\t\t\t\t\t\t<\/div>\n\n\t\t\t\t\t\t\t\t\t\t\t\t\t\t\t\t\t\t<\/div>\n\t\t\t\t\t\t\t\t\t\t\t\t<div class=\"premium-blog-content-wrapper \">\n\n\t\t\t\t\t<div class=\"premium-blog-inner-container\">\n\n\t\t\t\t\t\t\t\t\t\t\t\t\t\t<p class=\"premium-blog-entry-title\">\n\t\t\t<a href=\"https:\/\/www.airmatic.es\/ca\/airmatic-celebra-48-anys-de-trajectoria\/\" target=\"_self\">\n\t\t\t\tAirmatic celebra 48 anys de traject\u00f2ria\t\t\t<\/a>\n\t\t<\/p>\n\t\t\t\t<div class=\"premium-blog-entry-meta\">\n\t\t\t\t\t\t\t<div class=\"premium-blog-post-author premium-blog-meta-data\">\n\t\t\t\t\t<i class=\"fa fa-user fa-fw\" aria-hidden=\"true\"><\/i>\n\t\t\t\t\t<a href=\"https:\/\/www.airmatic.es\/ca\/author\/airmatic\/\" title=\"Entrades de Airmatic\" rel=\"author\">Airmatic<\/a>\t\t\t\t<\/div>\n\t\t\t\n\t\t\t\t\t\t\t<span class=\"premium-blog-meta-separator\">\u2022<\/span>\n\t\t\t\t<div class=\"premium-blog-post-time premium-blog-meta-data\">\n\t\t\t\t\t<i class=\"fa fa-calendar-alt\" aria-hidden=\"true\"><\/i>\n\t\t\t\t\t<span>11 de juliol de 2025<\/span>\n\t\t\t\t<\/div>\n\t\t\t\n\t\t\t\n\t\t\t\t\t<\/div>\n\t\t\n\t\t\t\t\t<\/div>\n\n\t\t\t\t\t\t\t<div class=\"premium-blog-content-inner-wrapper\">\n\t\t<p class=\"premium-blog-post-content\">El passat 7 de juliol, Airmatic va celebrar el seu 48\u00e8 aniversari , una data que representa anys de creixement constant, treball<\/p><div class=\"premium-blog-excerpt-link-wrap\"><a href=\"https:\/\/www.airmatic.es\/ca\/airmatic-celebra-48-anys-de-trajectoria\/\" target=\"_self\" class=\"premium-blog-excerpt-link elementor-button\">Llegir m\u00e9s \u00bb<\/a><\/div>\t\t<\/div>\n\t\t\t\t\t\t\t\n\t\t\t\t<\/div>\n\t\t\t<\/div>\n\t\t<\/div>\n\n\t\t\t\t<div class=\"premium-blog-post-outer-container\" data-total=\"1\">\n\t\t\t<div class=\"premium-blog-post-container premium-blog-skin-classic\">\n\t\t\t\t\t\t\t\t\t<div class=\"premium-blog-thumb-effect-wrapper\">\n\t\t\t\t\t\t<div class=\"premium-blog-thumbnail-container premium-blog-zoomin-effect\">\n\t\t\t\t\t\t\t<img loading=\"lazy\" decoding=\"async\" width=\"800\" height=\"469\" src=\"https:\/\/www.airmatic.es\/wp-content\/uploads\/2024\/04\/IMG_0877.webp\" class=\"attachment-full size-full wp-image-5732\" alt=\"fachada de Airmatic con los dos camiones con gr\u00faa.\" srcset=\"https:\/\/www.airmatic.es\/wp-content\/uploads\/2024\/04\/IMG_0877.webp 800w, https:\/\/www.airmatic.es\/wp-content\/uploads\/2024\/04\/IMG_0877-300x176.webp 300w, https:\/\/www.airmatic.es\/wp-content\/uploads\/2024\/04\/IMG_0877-768x450.webp 768w\" sizes=\"(max-width: 800px) 100vw, 800px\" \/>\t\t\t\t\t\t<\/div>\n\t\t\t\t\t\t\t\t\t\t\t\t\t<div class=\"premium-blog-thumbnail-overlay\">\n\t\t\t\t\t\t\t\t<a class=\"elementor-icon\" href=\"https:\/\/www.airmatic.es\/ca\/segon-camio-grua-nova-aposta-logistica-en-airmatic\/\" target=\"_self\"><\/a>\n\t\t\t\t\t\t\t<\/div>\n\n\t\t\t\t\t\t\t\t\t\t\t\t\t\t\t\t\t\t<\/div>\n\t\t\t\t\t\t\t\t\t\t\t\t<div class=\"premium-blog-content-wrapper \">\n\n\t\t\t\t\t<div class=\"premium-blog-inner-container\">\n\n\t\t\t\t\t\t\t\t\t\t\t\t\t\t<p class=\"premium-blog-entry-title\">\n\t\t\t<a href=\"https:\/\/www.airmatic.es\/ca\/segon-camio-grua-nova-aposta-logistica-en-airmatic\/\" target=\"_self\">\n\t\t\t\tSegon cami\u00f3 grua: Nova aposta log\u00edstica en Airmatic\t\t\t<\/a>\n\t\t<\/p>\n\t\t\t\t<div class=\"premium-blog-entry-meta\">\n\t\t\t\t\t\t\t<div class=\"premium-blog-post-author premium-blog-meta-data\">\n\t\t\t\t\t<i class=\"fa fa-user fa-fw\" aria-hidden=\"true\"><\/i>\n\t\t\t\t\t<a href=\"https:\/\/www.airmatic.es\/ca\/author\/airmatic\/\" title=\"Entrades de Airmatic\" rel=\"author\">Airmatic<\/a>\t\t\t\t<\/div>\n\t\t\t\n\t\t\t\t\t\t\t<span class=\"premium-blog-meta-separator\">\u2022<\/span>\n\t\t\t\t<div class=\"premium-blog-post-time premium-blog-meta-data\">\n\t\t\t\t\t<i class=\"fa fa-calendar-alt\" aria-hidden=\"true\"><\/i>\n\t\t\t\t\t<span>8 d'abril de 2024<\/span>\n\t\t\t\t<\/div>\n\t\t\t\n\t\t\t\n\t\t\t\t\t<\/div>\n\t\t\n\t\t\t\t\t<\/div>\n\n\t\t\t\t\t\t\t<div class=\"premium-blog-content-inner-wrapper\">\n\t\t<p class=\"premium-blog-post-content\">En Airmatic apostem per la log\u00edstica pr\u00f2pia amb un segon cami\u00f3 amb grua hidr\u00e0ulica que facilitar\u00e0 el transport i els lliuraments de<\/p><div class=\"premium-blog-excerpt-link-wrap\"><a href=\"https:\/\/www.airmatic.es\/ca\/segon-camio-grua-nova-aposta-logistica-en-airmatic\/\" target=\"_self\" class=\"premium-blog-excerpt-link elementor-button\">Llegir m\u00e9s \u00bb<\/a><\/div>\t\t<\/div>\n\t\t\t\t\t\t\t\n\t\t\t\t<\/div>\n\t\t\t<\/div>\n\t\t<\/div>\n\n\t\t\t\t<div class=\"premium-blog-post-outer-container\" data-total=\"1\">\n\t\t\t<div class=\"premium-blog-post-container premium-blog-skin-classic\">\n\t\t\t\t\t\t\t\t\t<div class=\"premium-blog-thumb-effect-wrapper\">\n\t\t\t\t\t\t<div class=\"premium-blog-thumbnail-container premium-blog-zoomin-effect\">\n\t\t\t\t\t\t\t<img loading=\"lazy\" decoding=\"async\" width=\"1440\" height=\"945\" src=\"https:\/\/www.airmatic.es\/wp-content\/uploads\/2023\/05\/home010.jpg\" class=\"attachment-full size-full wp-image-4604\" alt=\"\" srcset=\"https:\/\/www.airmatic.es\/wp-content\/uploads\/2023\/05\/home010.jpg 1440w, https:\/\/www.airmatic.es\/wp-content\/uploads\/2023\/05\/home010-300x197.jpg 300w, https:\/\/www.airmatic.es\/wp-content\/uploads\/2023\/05\/home010-1024x672.jpg 1024w, https:\/\/www.airmatic.es\/wp-content\/uploads\/2023\/05\/home010-768x504.jpg 768w\" sizes=\"(max-width: 1440px) 100vw, 1440px\" \/>\t\t\t\t\t\t<\/div>\n\t\t\t\t\t\t\t\t\t\t\t\t\t<div class=\"premium-blog-thumbnail-overlay\">\n\t\t\t\t\t\t\t\t<a class=\"elementor-icon\" href=\"https:\/\/www.airmatic.es\/ca\/nou-elevador-articulat-per-a-projectes-a-mida\/\" target=\"_self\"><\/a>\n\t\t\t\t\t\t\t<\/div>\n\n\t\t\t\t\t\t\t\t\t\t\t\t\t\t\t\t\t\t<\/div>\n\t\t\t\t\t\t\t\t\t\t\t\t<div class=\"premium-blog-content-wrapper \">\n\n\t\t\t\t\t<div class=\"premium-blog-inner-container\">\n\n\t\t\t\t\t\t\t\t\t\t\t\t\t\t<p class=\"premium-blog-entry-title\">\n\t\t\t<a href=\"https:\/\/www.airmatic.es\/ca\/nou-elevador-articulat-per-a-projectes-a-mida\/\" target=\"_self\">\n\t\t\t\tNou elevador articulat per a projectes a mida\t\t\t<\/a>\n\t\t<\/p>\n\t\t\t\t<div class=\"premium-blog-entry-meta\">\n\t\t\t\t\t\t\t<div class=\"premium-blog-post-author premium-blog-meta-data\">\n\t\t\t\t\t<i class=\"fa fa-user fa-fw\" aria-hidden=\"true\"><\/i>\n\t\t\t\t\t<a href=\"https:\/\/www.airmatic.es\/ca\/author\/airmatic\/\" title=\"Entrades de Airmatic\" rel=\"author\">Airmatic<\/a>\t\t\t\t<\/div>\n\t\t\t\n\t\t\t\t\t\t\t<span class=\"premium-blog-meta-separator\">\u2022<\/span>\n\t\t\t\t<div class=\"premium-blog-post-time premium-blog-meta-data\">\n\t\t\t\t\t<i class=\"fa fa-calendar-alt\" aria-hidden=\"true\"><\/i>\n\t\t\t\t\t<span>12 de juny de 2021<\/span>\n\t\t\t\t<\/div>\n\t\t\t\n\t\t\t\n\t\t\t\t\t<\/div>\n\t\t\n\t\t\t\t\t<\/div>\n\n\t\t\t\t\t\t\t<div class=\"premium-blog-content-inner-wrapper\">\n\t\t<p class=\"premium-blog-post-content\">Seguint la nostra filosofia de millora cont\u00ednua i d&#8217;adaptaci\u00f3 a les necessitats particulars de cada client, recentment hem incorporat a la nostra<\/p><div class=\"premium-blog-excerpt-link-wrap\"><a href=\"https:\/\/www.airmatic.es\/ca\/nou-elevador-articulat-per-a-projectes-a-mida\/\" target=\"_self\" class=\"premium-blog-excerpt-link elementor-button\">Llegir m\u00e9s \u00bb<\/a><\/div>\t\t<\/div>\n\t\t\t\t\t\t\t\n\t\t\t\t<\/div>\n\t\t\t<\/div>\n\t\t<\/div>\n\n\t\t\t\t<div class=\"premium-blog-post-outer-container\" data-total=\"1\">\n\t\t\t<div class=\"premium-blog-post-container premium-blog-skin-classic\">\n\t\t\t\t\t\t\t\t\t<div class=\"premium-blog-thumb-effect-wrapper\">\n\t\t\t\t\t\t<div class=\"premium-blog-thumbnail-container premium-blog-zoomin-effect\">\n\t\t\t\t\t\t\t<img loading=\"lazy\" decoding=\"async\" width=\"800\" height=\"428\" src=\"https:\/\/www.airmatic.es\/wp-content\/uploads\/2018\/05\/airmatic-camion-nuevo.webp\" class=\"attachment-full size-full wp-image-5840\" alt=\"Fotografia del cami\u00f3n pluma de Airmatic\" srcset=\"https:\/\/www.airmatic.es\/wp-content\/uploads\/2018\/05\/airmatic-camion-nuevo.webp 800w, https:\/\/www.airmatic.es\/wp-content\/uploads\/2018\/05\/airmatic-camion-nuevo-300x161.webp 300w, https:\/\/www.airmatic.es\/wp-content\/uploads\/2018\/05\/airmatic-camion-nuevo-768x411.webp 768w\" sizes=\"(max-width: 800px) 100vw, 800px\" \/>\t\t\t\t\t\t<\/div>\n\t\t\t\t\t\t\t\t\t\t\t\t\t<div class=\"premium-blog-thumbnail-overlay\">\n\t\t\t\t\t\t\t\t<a class=\"elementor-icon\" href=\"https:\/\/www.airmatic.es\/ca\/nou-camio-dentregues-i-serveis-logistics\/\" target=\"_self\"><\/a>\n\t\t\t\t\t\t\t<\/div>\n\n\t\t\t\t\t\t\t\t\t\t\t\t\t\t\t\t\t\t<\/div>\n\t\t\t\t\t\t\t\t\t\t\t\t<div class=\"premium-blog-content-wrapper \">\n\n\t\t\t\t\t<div class=\"premium-blog-inner-container\">\n\n\t\t\t\t\t\t\t\t\t\t\t\t\t\t<p class=\"premium-blog-entry-title\">\n\t\t\t<a href=\"https:\/\/www.airmatic.es\/ca\/nou-camio-dentregues-i-serveis-logistics\/\" target=\"_self\">\n\t\t\t\tNou cami\u00f3 d&#8217;entregues i serveis log\u00edstics\t\t\t<\/a>\n\t\t<\/p>\n\t\t\t\t<div class=\"premium-blog-entry-meta\">\n\t\t\t\t\t\t\t<div class=\"premium-blog-post-author premium-blog-meta-data\">\n\t\t\t\t\t<i class=\"fa fa-user fa-fw\" aria-hidden=\"true\"><\/i>\n\t\t\t\t\t<a href=\"https:\/\/www.airmatic.es\/ca\/author\/airmatic\/\" title=\"Entrades de Airmatic\" rel=\"author\">Airmatic<\/a>\t\t\t\t<\/div>\n\t\t\t\n\t\t\t\t\t\t\t<span class=\"premium-blog-meta-separator\">\u2022<\/span>\n\t\t\t\t<div class=\"premium-blog-post-time premium-blog-meta-data\">\n\t\t\t\t\t<i class=\"fa fa-calendar-alt\" aria-hidden=\"true\"><\/i>\n\t\t\t\t\t<span>2 de maig de 2018<\/span>\n\t\t\t\t<\/div>\n\t\t\t\n\t\t\t\n\t\t\t\t\t<\/div>\n\t\t\n\t\t\t\t\t<\/div>\n\n\t\t\t\t\t\t\t<div class=\"premium-blog-content-inner-wrapper\">\n\t\t<p class=\"premium-blog-post-content\">Airmatic ha incorporat en la seva flota de vehicles un nou cami\u00f3 per realitzar el lliurament i retirada d&#8217;equips. El nou cami\u00f3<\/p><div class=\"premium-blog-excerpt-link-wrap\"><a href=\"https:\/\/www.airmatic.es\/ca\/nou-camio-dentregues-i-serveis-logistics\/\" target=\"_self\" class=\"premium-blog-excerpt-link elementor-button\">Llegir m\u00e9s \u00bb<\/a><\/div>\t\t<\/div>\n\t\t\t\t\t\t\t\n\t\t\t\t<\/div>\n\t\t\t<\/div>\n\t\t<\/div>\n\n\t\t\t\t<div class=\"premium-blog-post-outer-container\" data-total=\"1\">\n\t\t\t<div class=\"premium-blog-post-container premium-blog-skin-classic\">\n\t\t\t\t\t\t\t\t\t<div class=\"premium-blog-thumb-effect-wrapper\">\n\t\t\t\t\t\t<div class=\"premium-blog-thumbnail-container premium-blog-zoomin-effect\">\n\t\t\t\t\t\t\t<img loading=\"lazy\" decoding=\"async\" width=\"800\" height=\"442\" src=\"https:\/\/www.airmatic.es\/wp-content\/uploads\/2018\/05\/unidad-de-asistencia.webp\" class=\"attachment-full size-full wp-image-5812\" alt=\"Fotografia de la unidad de Asistencia de Airmatic\" srcset=\"https:\/\/www.airmatic.es\/wp-content\/uploads\/2018\/05\/unidad-de-asistencia.webp 800w, https:\/\/www.airmatic.es\/wp-content\/uploads\/2018\/05\/unidad-de-asistencia-300x166.webp 300w, https:\/\/www.airmatic.es\/wp-content\/uploads\/2018\/05\/unidad-de-asistencia-768x424.webp 768w\" sizes=\"(max-width: 800px) 100vw, 800px\" \/>\t\t\t\t\t\t<\/div>\n\t\t\t\t\t\t\t\t\t\t\t\t\t<div class=\"premium-blog-thumbnail-overlay\">\n\t\t\t\t\t\t\t\t<a class=\"elementor-icon\" href=\"https:\/\/www.airmatic.es\/ca\/servei-num-1000-de-la-unitat-mobil-dassistencia\/\" target=\"_self\"><\/a>\n\t\t\t\t\t\t\t<\/div>\n\n\t\t\t\t\t\t\t\t\t\t\t\t\t\t\t\t\t\t<\/div>\n\t\t\t\t\t\t\t\t\t\t\t\t<div class=\"premium-blog-content-wrapper \">\n\n\t\t\t\t\t<div class=\"premium-blog-inner-container\">\n\n\t\t\t\t\t\t\t\t\t\t\t\t\t\t<p class=\"premium-blog-entry-title\">\n\t\t\t<a href=\"https:\/\/www.airmatic.es\/ca\/servei-num-1000-de-la-unitat-mobil-dassistencia\/\" target=\"_self\">\n\t\t\t\tServei n\u00fam. 1000 de la unitat m\u00f2bil d&#8217;assist\u00e8ncia\t\t\t<\/a>\n\t\t<\/p>\n\t\t\t\t<div class=\"premium-blog-entry-meta\">\n\t\t\t\t\t\t\t<div class=\"premium-blog-post-author premium-blog-meta-data\">\n\t\t\t\t\t<i class=\"fa fa-user fa-fw\" aria-hidden=\"true\"><\/i>\n\t\t\t\t\t<a href=\"https:\/\/www.airmatic.es\/ca\/author\/airmatic\/\" title=\"Entrades de Airmatic\" rel=\"author\">Airmatic<\/a>\t\t\t\t<\/div>\n\t\t\t\n\t\t\t\t\t\t\t<span class=\"premium-blog-meta-separator\">\u2022<\/span>\n\t\t\t\t<div class=\"premium-blog-post-time premium-blog-meta-data\">\n\t\t\t\t\t<i class=\"fa fa-calendar-alt\" aria-hidden=\"true\"><\/i>\n\t\t\t\t\t<span>2 de maig de 2018<\/span>\n\t\t\t\t<\/div>\n\t\t\t\n\t\t\t\n\t\t\t\t\t<\/div>\n\t\t\n\t\t\t\t\t<\/div>\n\n\t\t\t\t\t\t\t<div class=\"premium-blog-content-inner-wrapper\">\n\t\t<p class=\"premium-blog-post-content\">La Unitat d&#8217;Assist\u00e8ncia M\u00f2bil ha realitzat la seva intervenci\u00f3 n\u00famero 1000 al gener de 2018. Airmatic disposa des de fa m\u00e9s de<\/p><div class=\"premium-blog-excerpt-link-wrap\"><a href=\"https:\/\/www.airmatic.es\/ca\/servei-num-1000-de-la-unitat-mobil-dassistencia\/\" target=\"_self\" class=\"premium-blog-excerpt-link elementor-button\">Llegir m\u00e9s \u00bb<\/a><\/div>\t\t<\/div>\n\t\t\t\t\t\t\t\n\t\t\t\t<\/div>\n\t\t\t<\/div>\n\t\t<\/div>\n\n\t\t\t\t<div class=\"premium-blog-post-outer-container\" data-total=\"1\">\n\t\t\t<div class=\"premium-blog-post-container premium-blog-skin-classic\">\n\t\t\t\t\t\t\t\t\t<div class=\"premium-blog-thumb-effect-wrapper\">\n\t\t\t\t\t\t<div class=\"premium-blog-thumbnail-container premium-blog-zoomin-effect\">\n\t\t\t\t\t\t\t<img loading=\"lazy\" decoding=\"async\" width=\"800\" height=\"383\" src=\"https:\/\/www.airmatic.es\/wp-content\/uploads\/2018\/05\/unidad-instalaciones.webp\" class=\"attachment-full size-full wp-image-5815\" alt=\"Fotografia de la nueva furgoneta de intalaciones de Airmatic\" srcset=\"https:\/\/www.airmatic.es\/wp-content\/uploads\/2018\/05\/unidad-instalaciones.webp 800w, https:\/\/www.airmatic.es\/wp-content\/uploads\/2018\/05\/unidad-instalaciones-300x144.webp 300w, https:\/\/www.airmatic.es\/wp-content\/uploads\/2018\/05\/unidad-instalaciones-768x368.webp 768w\" sizes=\"(max-width: 800px) 100vw, 800px\" \/>\t\t\t\t\t\t<\/div>\n\t\t\t\t\t\t\t\t\t\t\t\t\t<div class=\"premium-blog-thumbnail-overlay\">\n\t\t\t\t\t\t\t\t<a class=\"elementor-icon\" href=\"https:\/\/www.airmatic.es\/ca\/nova-unitat-mobil-dinstallacions\/\" target=\"_self\"><\/a>\n\t\t\t\t\t\t\t<\/div>\n\n\t\t\t\t\t\t\t\t\t\t\t\t\t\t\t\t\t\t<\/div>\n\t\t\t\t\t\t\t\t\t\t\t\t<div class=\"premium-blog-content-wrapper \">\n\n\t\t\t\t\t<div class=\"premium-blog-inner-container\">\n\n\t\t\t\t\t\t\t\t\t\t\t\t\t\t<p class=\"premium-blog-entry-title\">\n\t\t\t<a href=\"https:\/\/www.airmatic.es\/ca\/nova-unitat-mobil-dinstallacions\/\" target=\"_self\">\n\t\t\t\tNova unitat m\u00f2bil d&#8217;instal\u00b7lacions\t\t\t<\/a>\n\t\t<\/p>\n\t\t\t\t<div class=\"premium-blog-entry-meta\">\n\t\t\t\t\t\t\t<div class=\"premium-blog-post-author premium-blog-meta-data\">\n\t\t\t\t\t<i class=\"fa fa-user fa-fw\" aria-hidden=\"true\"><\/i>\n\t\t\t\t\t<a href=\"https:\/\/www.airmatic.es\/ca\/author\/airmatic\/\" title=\"Entrades de Airmatic\" rel=\"author\">Airmatic<\/a>\t\t\t\t<\/div>\n\t\t\t\n\t\t\t\t\t\t\t<span class=\"premium-blog-meta-separator\">\u2022<\/span>\n\t\t\t\t<div class=\"premium-blog-post-time premium-blog-meta-data\">\n\t\t\t\t\t<i class=\"fa fa-calendar-alt\" aria-hidden=\"true\"><\/i>\n\t\t\t\t\t<span>2 de maig de 2018<\/span>\n\t\t\t\t<\/div>\n\t\t\t\n\t\t\t\n\t\t\t\t\t<\/div>\n\t\t\n\t\t\t\t\t<\/div>\n\n\t\t\t\t\t\t\t<div class=\"premium-blog-content-inner-wrapper\">\n\t\t<p class=\"premium-blog-post-content\">Amb la condici\u00f3 d&#8217;oferir el millor servei possible als seus clients en tots els \u00e0mbits, Airmatic disposa d&#8217;un nou vehicle taller d&#8217;Instal\u00b7lacions.<\/p><div class=\"premium-blog-excerpt-link-wrap\"><a href=\"https:\/\/www.airmatic.es\/ca\/nova-unitat-mobil-dinstallacions\/\" target=\"_self\" class=\"premium-blog-excerpt-link elementor-button\">Llegir m\u00e9s \u00bb<\/a><\/div>\t\t<\/div>\n\t\t\t\t\t\t\t\n\t\t\t\t<\/div>\n\t\t\t<\/div>\n\t\t<\/div>\n\n\t\t\t\t\t\t\t<\/div>\n\n\t\t\n\t\t\n\t\t\t\t\t\t<\/div>\n\t\t\t\t<\/div>\n\t\t\t\t<div class=\"elementor-element elementor-element-0ce6bef elementor-widget-divider--view-line elementor-widget elementor-widget-divider\" data-id=\"0ce6bef\" data-element_type=\"widget\" data-e-type=\"widget\" data-widget_type=\"divider.default\">\n\t\t\t\t<div class=\"elementor-widget-container\">\n\t\t\t\t\t\t\t<div class=\"elementor-divider\">\n\t\t\t<span class=\"elementor-divider-separator\">\n\t\t\t\t\t\t<\/span>\n\t\t<\/div>\n\t\t\t\t\t\t<\/div>\n\t\t\t\t<\/div>\n\t\t\t\t<div class=\"elementor-element elementor-element-4e14e5b elementor-widget elementor-widget-menu-anchor\" data-id=\"4e14e5b\" data-element_type=\"widget\" data-e-type=\"widget\" data-widget_type=\"menu-anchor.default\">\n\t\t\t\t<div class=\"elementor-widget-container\">\n\t\t\t\t\t\t\t<div class=\"elementor-menu-anchor\" id=\"contacte\"><\/div>\n\t\t\t\t\t\t<\/div>\n\t\t\t\t<\/div>\n\t\t\t\t<section class=\"elementor-section elementor-inner-section elementor-element elementor-element-9356fa7 elementor-section-boxed elementor-section-height-default elementor-section-height-default\" data-id=\"9356fa7\" data-element_type=\"section\" data-e-type=\"section\">\n\t\t\t\t\t\t<div class=\"elementor-container elementor-column-gap-default\">\n\t\t\t\t\t<div class=\"elementor-column elementor-col-50 elementor-inner-column elementor-element elementor-element-6e88ab6\" data-id=\"6e88ab6\" data-element_type=\"column\" data-e-type=\"column\">\n\t\t\t<div class=\"elementor-widget-wrap elementor-element-populated\">\n\t\t\t\t\t\t<div class=\"elementor-element elementor-element-19518b0 elementor-widget elementor-widget-heading\" data-id=\"19518b0\" data-element_type=\"widget\" data-e-type=\"widget\" data-widget_type=\"heading.default\">\n\t\t\t\t<div class=\"elementor-widget-container\">\n\t\t\t\t\t<h2 class=\"elementor-heading-title elementor-size-default\">Contacta amb Airmatic<\/h2>\t\t\t\t<\/div>\n\t\t\t\t<\/div>\n\t\t\t\t<div class=\"elementor-element elementor-element-20f0c07 elementor-button-align-end elementor-tablet-button-align-center elementor-widget elementor-widget-form\" data-id=\"20f0c07\" data-element_type=\"widget\" data-e-type=\"widget\" id=\"form_contact\" data-settings=\"{&quot;step_next_label&quot;:&quot;Seg\\u00fcent&quot;,&quot;step_previous_label&quot;:&quot;Anterior&quot;,&quot;button_width&quot;:&quot;100&quot;,&quot;step_type&quot;:&quot;number_text&quot;,&quot;step_icon_shape&quot;:&quot;circle&quot;}\" data-widget_type=\"form.default\">\n\t\t\t\t<div class=\"elementor-widget-container\">\n\t\t\t\t\t\t\t<form class=\"elementor-form\" method=\"post\" id=\"form_contact\" name=\"Formulari de contacte\" aria-label=\"Formulari de contacte\">\n\t\t\t<input type=\"hidden\" name=\"post_id\" value=\"4797\"\/>\n\t\t\t<input type=\"hidden\" name=\"form_id\" value=\"20f0c07\"\/>\n\t\t\t<input type=\"hidden\" name=\"referer_title\" value=\"Airmatic: Solucions Industrials d&#039;alta efici\u00e8ncia - Airmatic\" \/>\n\n\t\t\t\t\t\t\t<input type=\"hidden\" name=\"queried_id\" value=\"4797\"\/>\n\t\t\t\n\t\t\t<div class=\"elementor-form-fields-wrapper elementor-labels-above\">\n\t\t\t\t\t\t\t\t<div class=\"elementor-field-type-text\">\n\t\t\t\t\t<input size=\"1\" type=\"text\" name=\"form_fields[field_062134f]\" id=\"form-field-field_062134f\" class=\"elementor-field elementor-size-xs \" style=\"display:none !important;\">\t\t\t\t<\/div>\n\t\t\t\t\t\t\t\t<div class=\"elementor-field-type-text elementor-field-group elementor-column elementor-field-group-empresa elementor-col-100 elementor-field-required elementor-mark-required\">\n\t\t\t\t\t\t\t\t\t\t\t\t<label for=\"form-field-empresa\" class=\"elementor-field-label\">\n\t\t\t\t\t\t\t\tEmpresa\t\t\t\t\t\t\t<\/label>\n\t\t\t\t\t\t\t\t\t\t\t\t\t\t<input size=\"1\" type=\"text\" name=\"form_fields[empresa]\" id=\"form-field-empresa\" class=\"elementor-field elementor-size-xs  elementor-field-textual\" required=\"required\">\n\t\t\t\t\t\t\t\t\t\t\t<\/div>\n\t\t\t\t\t\t\t\t<div class=\"elementor-field-type-text elementor-field-group elementor-column elementor-field-group-nombre elementor-col-100 elementor-field-required elementor-mark-required\">\n\t\t\t\t\t\t\t\t\t\t\t\t<label for=\"form-field-nombre\" class=\"elementor-field-label\">\n\t\t\t\t\t\t\t\tNom i cognoms\t\t\t\t\t\t\t<\/label>\n\t\t\t\t\t\t\t\t\t\t\t\t\t\t<input size=\"1\" type=\"text\" name=\"form_fields[nombre]\" id=\"form-field-nombre\" class=\"elementor-field elementor-size-xs  elementor-field-textual\" required=\"required\">\n\t\t\t\t\t\t\t\t\t\t\t<\/div>\n\t\t\t\t\t\t\t\t<div class=\"elementor-field-type-tel elementor-field-group elementor-column elementor-field-group-tel elementor-col-100 elementor-field-required elementor-mark-required\">\n\t\t\t\t\t\t\t\t\t\t\t\t<label for=\"form-field-tel\" class=\"elementor-field-label\">\n\t\t\t\t\t\t\t\tTel\u00e8fon\t\t\t\t\t\t\t<\/label>\n\t\t\t\t\t\t\t\t<input size=\"1\" type=\"tel\" name=\"form_fields[tel]\" id=\"form-field-tel\" class=\"elementor-field elementor-size-xs  elementor-field-textual\" required=\"required\" pattern=\"[0-9()#&amp;+*-=.]+\" title=\"Only numbers and phone characters (#, -, *, etc) are accepted.\">\n\n\t\t\t\t\t\t<\/div>\n\t\t\t\t\t\t\t\t<div class=\"elementor-field-type-email elementor-field-group elementor-column elementor-field-group-email elementor-col-100 elementor-field-required elementor-mark-required\">\n\t\t\t\t\t\t\t\t\t\t\t\t<label for=\"form-field-email\" class=\"elementor-field-label\">\n\t\t\t\t\t\t\t\tEmail\t\t\t\t\t\t\t<\/label>\n\t\t\t\t\t\t\t\t\t\t\t\t\t\t<input size=\"1\" type=\"email\" name=\"form_fields[email]\" id=\"form-field-email\" class=\"elementor-field elementor-size-xs  elementor-field-textual\" required=\"required\">\n\t\t\t\t\t\t\t\t\t\t\t<\/div>\n\t\t\t\t\t\t\t\t<div class=\"elementor-field-type-textarea elementor-field-group elementor-column elementor-field-group-mensaje elementor-col-100 elementor-field-required elementor-mark-required\">\n\t\t\t\t\t\t\t\t\t\t\t\t<label for=\"form-field-mensaje\" class=\"elementor-field-label\">\n\t\t\t\t\t\t\t\tMissatge\t\t\t\t\t\t\t<\/label>\n\t\t\t\t\t\t<textarea class=\"elementor-field-textual elementor-field  elementor-size-xs\" name=\"form_fields[mensaje]\" id=\"form-field-mensaje\" rows=\"4\" required=\"required\"><\/textarea>\t\t\t\t<\/div>\n\t\t\t\t\t\t\t\t<div class=\"elementor-field-type-acceptance elementor-field-group elementor-column elementor-field-group-aceptacion elementor-col-100 elementor-field-required elementor-mark-required\">\n\t\t\t\t\t\t\t<div class=\"elementor-field-subgroup\">\n\t\t\t<span class=\"elementor-field-option\">\n\t\t\t\t<input type=\"checkbox\" name=\"form_fields[aceptacion]\" id=\"form-field-aceptacion\" class=\"elementor-field elementor-size-xs  elementor-acceptance-field\" required=\"required\">\n\t\t\t\t<label for=\"form-field-aceptacion\">He llegit i accepto l\u2019<b><a href=\"https:\/\/www.airmatic.es\/ca\/avis-legal\/\">Av\u00eds legal <\/a><\/b> i la <b><a href=\"https:\/\/www.airmatic.es\/ca\/politica-de-privacitat\/\">Pol\u00edtica de Privacitat<\/a><\/b><\/label>\t\t\t<\/span>\n\t\t<\/div>\n\t\t\t\t\t\t<\/div>\n\t\t\t\t\t\t\t\t<div class=\"elementor-field-type-acceptance elementor-field-group elementor-column elementor-field-group-comunicaciones elementor-col-100\">\n\t\t\t\t\t\t\t<div class=\"elementor-field-subgroup\">\n\t\t\t<span class=\"elementor-field-option\">\n\t\t\t\t<input type=\"checkbox\" name=\"form_fields[comunicaciones]\" id=\"form-field-comunicaciones\" class=\"elementor-field elementor-size-xs  elementor-acceptance-field\">\n\t\t\t\t<label for=\"form-field-comunicaciones\">Accepto rebre comunicacions comercials d\u2019Airmatic S.A. sobre els seus productes i serveis.\n<\/label>\t\t\t<\/span>\n\t\t<\/div>\n\t\t\t\t\t\t<\/div>\n\t\t\t\t\t\t\t\t<div class=\"elementor-field-type-recaptcha_v3 elementor-field-group elementor-column elementor-field-group-field_cb070c2 elementor-col-100 recaptcha_v3-bottomright\">\n\t\t\t\t\t<div class=\"elementor-field\" id=\"form-field-field_cb070c2\"><div class=\"elementor-g-recaptcha\" data-sitekey=\"6LdoMcwpAAAAAGQJ4vbd9GrVP3dQ1b94jxoTVyVi\" data-type=\"v3\" data-action=\"Form\" data-badge=\"bottomright\" data-size=\"invisible\"><\/div><\/div>\t\t\t\t<\/div>\n\t\t\t\t\t\t\t\t<div class=\"elementor-field-group elementor-column elementor-field-type-submit elementor-col-100 e-form__buttons\">\n\t\t\t\t\t<button class=\"elementor-button elementor-size-md\" type=\"submit\">\n\t\t\t\t\t\t<span class=\"elementor-button-content-wrapper\">\n\t\t\t\t\t\t\t\t\t\t\t\t\t\t\t<span class=\"elementor-button-icon\">\n\t\t\t\t\t\t\t\t\t<i aria-hidden=\"true\" class=\"fas fa-arrow-circle-right\"><\/i>\t\t\t\t\t\t\t\t\t\t\t\t\t\t\t\t\t<\/span>\n\t\t\t\t\t\t\t\t\t\t\t\t\t\t\t\t\t\t\t\t\t\t<span class=\"elementor-button-text\">ENVIAR<\/span>\n\t\t\t\t\t\t\t\t\t\t\t\t\t<\/span>\n\t\t\t\t\t<\/button>\n\t\t\t\t<\/div>\n\t\t\t<\/div>\n\t\t<\/form>\n\t\t\t\t\t\t<\/div>\n\t\t\t\t<\/div>\n\t\t\t\t\t<\/div>\n\t\t<\/div>\n\t\t\t\t<div class=\"elementor-column elementor-col-50 elementor-inner-column elementor-element elementor-element-ab897a5\" data-id=\"ab897a5\" data-element_type=\"column\" data-e-type=\"column\">\n\t\t\t<div class=\"elementor-widget-wrap elementor-element-populated\">\n\t\t\t\t\t\t<div class=\"elementor-element elementor-element-5680884 elementor-widget elementor-widget-google_maps\" data-id=\"5680884\" data-element_type=\"widget\" data-e-type=\"widget\" data-widget_type=\"google_maps.default\">\n\t\t\t\t<div class=\"elementor-widget-container\">\n\t\t\t\t\t\t\t<div class=\"elementor-custom-embed\">\n\t\t\t<iframe loading=\"lazy\"\n\t\t\t\t\tsrc=\"https:\/\/maps.google.com\/maps?q=airmatic&#038;t=m&#038;z=15&#038;output=embed&#038;iwloc=near\"\n\t\t\t\t\ttitle=\"airmatic\"\n\t\t\t\t\taria-label=\"airmatic\"\n\t\t\t><\/iframe>\n\t\t<\/div>\n\t\t\t\t\t\t<\/div>\n\t\t\t\t<\/div>\n\t\t\t\t\t<\/div>\n\t\t<\/div>\n\t\t\t\t\t<\/div>\n\t\t<\/section>\n\t\t\t\t\t<\/div>\n\t\t<\/div>\n\t\t\t\t\t<\/div>\n\t\t<\/section>\n\t\t\t\t<section class=\"elementor-section elementor-top-section elementor-element elementor-element-61db0df elementor-section-full_width seccion elementor-section-height-default elementor-section-height-default\" data-id=\"61db0df\" data-element_type=\"section\" data-e-type=\"section\" data-settings=\"{&quot;sticky&quot;:&quot;bottom&quot;,&quot;background_background&quot;:&quot;classic&quot;,&quot;sticky_offset_mobile&quot;:1,&quot;sticky_on&quot;:[&quot;desktop&quot;,&quot;tablet&quot;,&quot;mobile&quot;],&quot;sticky_offset&quot;:0,&quot;sticky_effects_offset&quot;:0,&quot;sticky_anchor_link_offset&quot;:0}\">\n\t\t\t\t\t\t<div class=\"elementor-container elementor-column-gap-default\">\n\t\t\t\t\t<div class=\"elementor-column elementor-col-50 elementor-top-column elementor-element elementor-element-eb74a89 animated-slow\" data-id=\"eb74a89\" data-element_type=\"column\" data-e-type=\"column\" data-settings=\"{&quot;background_background&quot;:&quot;classic&quot;,&quot;animation&quot;:&quot;none&quot;,&quot;animation_mobile&quot;:&quot;fadeIn&quot;}\">\n\t\t\t<div class=\"elementor-widget-wrap elementor-element-populated\">\n\t\t\t\t\t<div class=\"elementor-background-overlay\"><\/div>\n\t\t\t\t\t\t<div class=\"elementor-element elementor-element-0e45870 elementor-widget elementor-widget-heading\" data-id=\"0e45870\" data-element_type=\"widget\" data-e-type=\"widget\" data-widget_type=\"heading.default\">\n\t\t\t\t<div class=\"elementor-widget-container\">\n\t\t\t\t\t<h3 class=\"elementor-heading-title elementor-size-default\"><a href=\"https:\/\/industria.airmatic.es\/\">Solucions Integrals d'Aire<br> Comprimit, Fred i Buit Industrial\n<\/a><\/h3>\t\t\t\t<\/div>\n\t\t\t\t<\/div>\n\t\t\t\t\t<\/div>\n\t\t<\/div>\n\t\t\t\t<div class=\"elementor-column elementor-col-50 elementor-top-column elementor-element elementor-element-652a190 animated-slow\" data-id=\"652a190\" data-element_type=\"column\" data-e-type=\"column\" data-settings=\"{&quot;background_background&quot;:&quot;classic&quot;,&quot;animation&quot;:&quot;none&quot;,&quot;animation_mobile&quot;:&quot;fadeIn&quot;}\">\n\t\t\t<div class=\"elementor-widget-wrap elementor-element-populated\">\n\t\t\t\t\t<div class=\"elementor-background-overlay\"><\/div>\n\t\t\t\t\t\t<div class=\"elementor-element elementor-element-40b0e25 elementor-widget elementor-widget-heading\" data-id=\"40b0e25\" data-element_type=\"widget\" data-e-type=\"widget\" data-widget_type=\"heading.default\">\n\t\t\t\t<div class=\"elementor-widget-container\">\n\t\t\t\t\t<h3 class=\"elementor-heading-title elementor-size-default\"><a href=\"https:\/\/madera.airmatic.es\/\">Maquin\u00e0ria, Tecnologia i Programari<br> per a la Fusta<\/a><\/h3>\t\t\t\t<\/div>\n\t\t\t\t<\/div>\n\t\t\t\t\t<\/div>\n\t\t<\/div>\n\t\t\t\t\t<\/div>\n\t\t<\/section>\n\t\t\t\t<\/div>\n\t\t","protected":false},"excerpt":{"rendered":"<p>Airmatic des de 1977 Sobre nosaltres Airmatic S.A. Al vostre servei, oferint les millors solucions des de 1977. Fundada a Sabadell, Airmatic S.A., s&#8217;ha consolidat com l\u00edder en Solucions industrials d&#8217;Aire Comprimit, Buit, Refrigeraci\u00f3 Industrial i Generaci\u00f3 de Gasos, aix\u00ed com a , Maquin\u00e0ria, Tecnologia i Software per al sector de la Fusta . Addicionalment, [&hellip;]<\/p>\n","protected":false},"author":1,"featured_media":0,"parent":0,"menu_order":0,"comment_status":"closed","ping_status":"closed","template":"elementor_header_footer","meta":{"footnotes":""},"class_list":["post-4797","page","type-page","status-publish","hentry"],"yoast_head":"<!-- This site is optimized with the Yoast SEO plugin v27.4 - https:\/\/yoast.com\/product\/yoast-seo-wordpress\/ -->\n<title>Airmatic: Solucions Industrials d&#039;alta efici\u00e8ncia - Airmatic<\/title>\n<meta name=\"description\" content=\"Airmatic, m\u00e9s de 45 anys col\u00b7laborant amb els vostres projectes i aportant les millors solucions d\u00b4alta efici\u00e8ncia industrial.\" \/>\n<meta name=\"robots\" content=\"index, follow, max-snippet:-1, max-image-preview:large, max-video-preview:-1\" \/>\n<link rel=\"canonical\" href=\"https:\/\/www.airmatic.es\/ca\/\" \/>\n<meta property=\"og:locale\" content=\"ca_ES\" \/>\n<meta property=\"og:type\" content=\"article\" \/>\n<meta property=\"og:title\" content=\"Airmatic: Solucions Industrials d&#039;alta efici\u00e8ncia - Airmatic\" \/>\n<meta property=\"og:description\" content=\"Airmatic, m\u00e9s de 45 anys col\u00b7laborant amb els vostres projectes i aportant les millors solucions d\u00b4alta efici\u00e8ncia industrial.\" \/>\n<meta property=\"og:url\" content=\"https:\/\/www.airmatic.es\/ca\/\" \/>\n<meta property=\"og:site_name\" content=\"Airmatic\" \/>\n<meta property=\"article:modified_time\" content=\"2026-03-09T08:02:20+00:00\" \/>\n<meta property=\"og:image\" content=\"https:\/\/www.airmatic.es\/wp-content\/uploads\/2024\/05\/experiencia_gris.webp\" \/>\n\t<meta property=\"og:image:width\" content=\"500\" \/>\n\t<meta property=\"og:image:height\" content=\"500\" \/>\n\t<meta property=\"og:image:type\" content=\"image\/webp\" \/>\n<meta name=\"twitter:card\" content=\"summary_large_image\" \/>\n<meta name=\"twitter:label1\" content=\"Temps estimat de lectura\" \/>\n\t<meta name=\"twitter:data1\" content=\"6 minuts\" \/>\n<script type=\"application\/ld+json\" class=\"yoast-schema-graph\">{\"@context\":\"https:\\\/\\\/schema.org\",\"@graph\":[{\"@type\":\"WebPage\",\"@id\":\"https:\\\/\\\/www.airmatic.es\\\/ca\\\/\",\"url\":\"https:\\\/\\\/www.airmatic.es\\\/ca\\\/\",\"name\":\"Airmatic: Solucions Industrials d'alta efici\u00e8ncia - Airmatic\",\"isPartOf\":{\"@id\":\"https:\\\/\\\/www.airmatic.es\\\/ca\\\/#website\"},\"primaryImageOfPage\":{\"@id\":\"https:\\\/\\\/www.airmatic.es\\\/ca\\\/#primaryimage\"},\"image\":{\"@id\":\"https:\\\/\\\/www.airmatic.es\\\/ca\\\/#primaryimage\"},\"thumbnailUrl\":\"https:\\\/\\\/www.airmatic.es\\\/wp-content\\\/uploads\\\/2024\\\/05\\\/experiencia_gris.webp\",\"datePublished\":\"2023-09-20T10:42:42+00:00\",\"dateModified\":\"2026-03-09T08:02:20+00:00\",\"description\":\"Airmatic, m\u00e9s de 45 anys col\u00b7laborant amb els vostres projectes i aportant les millors solucions d\u00b4alta efici\u00e8ncia industrial.\",\"breadcrumb\":{\"@id\":\"https:\\\/\\\/www.airmatic.es\\\/ca\\\/#breadcrumb\"},\"inLanguage\":\"ca\",\"potentialAction\":[{\"@type\":\"ReadAction\",\"target\":[\"https:\\\/\\\/www.airmatic.es\\\/ca\\\/\"]}]},{\"@type\":\"ImageObject\",\"inLanguage\":\"ca\",\"@id\":\"https:\\\/\\\/www.airmatic.es\\\/ca\\\/#primaryimage\",\"url\":\"https:\\\/\\\/www.airmatic.es\\\/wp-content\\\/uploads\\\/2024\\\/05\\\/experiencia_gris.webp\",\"contentUrl\":\"https:\\\/\\\/www.airmatic.es\\\/wp-content\\\/uploads\\\/2024\\\/05\\\/experiencia_gris.webp\"},{\"@type\":\"BreadcrumbList\",\"@id\":\"https:\\\/\\\/www.airmatic.es\\\/ca\\\/#breadcrumb\",\"itemListElement\":[{\"@type\":\"ListItem\",\"position\":1,\"name\":\"Portada\",\"item\":\"https:\\\/\\\/www.airmatic.es\\\/ca\\\/airmatic-solucions-industrials-dalta-eficiencia\\\/\"},{\"@type\":\"ListItem\",\"position\":2,\"name\":\"Airmatic: Solucions Industrials d&#8217;alta efici\u00e8ncia\"}]},{\"@type\":\"WebSite\",\"@id\":\"https:\\\/\\\/www.airmatic.es\\\/ca\\\/#website\",\"url\":\"https:\\\/\\\/www.airmatic.es\\\/ca\\\/\",\"name\":\"Airmatic\",\"description\":\"Airmatic: Soluciones Industriales de alta eficiencia\",\"publisher\":{\"@id\":\"https:\\\/\\\/www.airmatic.es\\\/ca\\\/#organization\"},\"potentialAction\":[{\"@type\":\"SearchAction\",\"target\":{\"@type\":\"EntryPoint\",\"urlTemplate\":\"https:\\\/\\\/www.airmatic.es\\\/ca\\\/?s={search_term_string}\"},\"query-input\":{\"@type\":\"PropertyValueSpecification\",\"valueRequired\":true,\"valueName\":\"search_term_string\"}}],\"inLanguage\":\"ca\"},{\"@type\":\"Organization\",\"@id\":\"https:\\\/\\\/www.airmatic.es\\\/ca\\\/#organization\",\"name\":\"Airmatic\",\"url\":\"https:\\\/\\\/www.airmatic.es\\\/ca\\\/\",\"logo\":{\"@type\":\"ImageObject\",\"inLanguage\":\"ca\",\"@id\":\"https:\\\/\\\/www.airmatic.es\\\/ca\\\/#\\\/schema\\\/logo\\\/image\\\/\",\"url\":\"https:\\\/\\\/www.airmatic.es\\\/wp-content\\\/uploads\\\/2024\\\/05\\\/cropped-Logotip-Airmatic-scaled-1.webp\",\"contentUrl\":\"https:\\\/\\\/www.airmatic.es\\\/wp-content\\\/uploads\\\/2024\\\/05\\\/cropped-Logotip-Airmatic-scaled-1.webp\",\"width\":2559,\"height\":808,\"caption\":\"Airmatic\"},\"image\":{\"@id\":\"https:\\\/\\\/www.airmatic.es\\\/ca\\\/#\\\/schema\\\/logo\\\/image\\\/\"}}]}<\/script>\n<!-- \/ Yoast SEO plugin. -->","yoast_head_json":{"title":"Airmatic: Solucions Industrials d'alta efici\u00e8ncia - Airmatic","description":"Airmatic, m\u00e9s de 45 anys col\u00b7laborant amb els vostres projectes i aportant les millors solucions d\u00b4alta efici\u00e8ncia industrial.","robots":{"index":"index","follow":"follow","max-snippet":"max-snippet:-1","max-image-preview":"max-image-preview:large","max-video-preview":"max-video-preview:-1"},"canonical":"https:\/\/www.airmatic.es\/ca\/","og_locale":"ca_ES","og_type":"article","og_title":"Airmatic: Solucions Industrials d'alta efici\u00e8ncia - Airmatic","og_description":"Airmatic, m\u00e9s de 45 anys col\u00b7laborant amb els vostres projectes i aportant les millors solucions d\u00b4alta efici\u00e8ncia industrial.","og_url":"https:\/\/www.airmatic.es\/ca\/","og_site_name":"Airmatic","article_modified_time":"2026-03-09T08:02:20+00:00","og_image":[{"width":500,"height":500,"url":"https:\/\/www.airmatic.es\/wp-content\/uploads\/2024\/05\/experiencia_gris.webp","type":"image\/webp"}],"twitter_card":"summary_large_image","twitter_misc":{"Temps estimat de lectura":"6 minuts"},"schema":{"@context":"https:\/\/schema.org","@graph":[{"@type":"WebPage","@id":"https:\/\/www.airmatic.es\/ca\/","url":"https:\/\/www.airmatic.es\/ca\/","name":"Airmatic: Solucions Industrials d'alta efici\u00e8ncia - Airmatic","isPartOf":{"@id":"https:\/\/www.airmatic.es\/ca\/#website"},"primaryImageOfPage":{"@id":"https:\/\/www.airmatic.es\/ca\/#primaryimage"},"image":{"@id":"https:\/\/www.airmatic.es\/ca\/#primaryimage"},"thumbnailUrl":"https:\/\/www.airmatic.es\/wp-content\/uploads\/2024\/05\/experiencia_gris.webp","datePublished":"2023-09-20T10:42:42+00:00","dateModified":"2026-03-09T08:02:20+00:00","description":"Airmatic, m\u00e9s de 45 anys col\u00b7laborant amb els vostres projectes i aportant les millors solucions d\u00b4alta efici\u00e8ncia industrial.","breadcrumb":{"@id":"https:\/\/www.airmatic.es\/ca\/#breadcrumb"},"inLanguage":"ca","potentialAction":[{"@type":"ReadAction","target":["https:\/\/www.airmatic.es\/ca\/"]}]},{"@type":"ImageObject","inLanguage":"ca","@id":"https:\/\/www.airmatic.es\/ca\/#primaryimage","url":"https:\/\/www.airmatic.es\/wp-content\/uploads\/2024\/05\/experiencia_gris.webp","contentUrl":"https:\/\/www.airmatic.es\/wp-content\/uploads\/2024\/05\/experiencia_gris.webp"},{"@type":"BreadcrumbList","@id":"https:\/\/www.airmatic.es\/ca\/#breadcrumb","itemListElement":[{"@type":"ListItem","position":1,"name":"Portada","item":"https:\/\/www.airmatic.es\/ca\/airmatic-solucions-industrials-dalta-eficiencia\/"},{"@type":"ListItem","position":2,"name":"Airmatic: Solucions Industrials d&#8217;alta efici\u00e8ncia"}]},{"@type":"WebSite","@id":"https:\/\/www.airmatic.es\/ca\/#website","url":"https:\/\/www.airmatic.es\/ca\/","name":"Airmatic","description":"Airmatic: Soluciones Industriales de alta eficiencia","publisher":{"@id":"https:\/\/www.airmatic.es\/ca\/#organization"},"potentialAction":[{"@type":"SearchAction","target":{"@type":"EntryPoint","urlTemplate":"https:\/\/www.airmatic.es\/ca\/?s={search_term_string}"},"query-input":{"@type":"PropertyValueSpecification","valueRequired":true,"valueName":"search_term_string"}}],"inLanguage":"ca"},{"@type":"Organization","@id":"https:\/\/www.airmatic.es\/ca\/#organization","name":"Airmatic","url":"https:\/\/www.airmatic.es\/ca\/","logo":{"@type":"ImageObject","inLanguage":"ca","@id":"https:\/\/www.airmatic.es\/ca\/#\/schema\/logo\/image\/","url":"https:\/\/www.airmatic.es\/wp-content\/uploads\/2024\/05\/cropped-Logotip-Airmatic-scaled-1.webp","contentUrl":"https:\/\/www.airmatic.es\/wp-content\/uploads\/2024\/05\/cropped-Logotip-Airmatic-scaled-1.webp","width":2559,"height":808,"caption":"Airmatic"},"image":{"@id":"https:\/\/www.airmatic.es\/ca\/#\/schema\/logo\/image\/"}}]}},"_links":{"self":[{"href":"https:\/\/www.airmatic.es\/ca\/wp-json\/wp\/v2\/pages\/4797","targetHints":{"allow":["GET"]}}],"collection":[{"href":"https:\/\/www.airmatic.es\/ca\/wp-json\/wp\/v2\/pages"}],"about":[{"href":"https:\/\/www.airmatic.es\/ca\/wp-json\/wp\/v2\/types\/page"}],"author":[{"embeddable":true,"href":"https:\/\/www.airmatic.es\/ca\/wp-json\/wp\/v2\/users\/1"}],"replies":[{"embeddable":true,"href":"https:\/\/www.airmatic.es\/ca\/wp-json\/wp\/v2\/comments?post=4797"}],"version-history":[{"count":18,"href":"https:\/\/www.airmatic.es\/ca\/wp-json\/wp\/v2\/pages\/4797\/revisions"}],"predecessor-version":[{"id":6844,"href":"https:\/\/www.airmatic.es\/ca\/wp-json\/wp\/v2\/pages\/4797\/revisions\/6844"}],"wp:attachment":[{"href":"https:\/\/www.airmatic.es\/ca\/wp-json\/wp\/v2\/media?parent=4797"}],"curies":[{"name":"wp","href":"https:\/\/api.w.org\/{rel}","templated":true}]}}